{"id":3521,"date":"2026-02-09T18:41:28","date_gmt":"2026-02-09T18:41:28","guid":{"rendered":"https:\/\/chocard-aventure.ch\/?page_id=3521"},"modified":"2026-02-23T14:44:36","modified_gmt":"2026-02-23T14:44:36","slug":"randonnees-ete","status":"publish","type":"page","link":"https:\/\/chocard-aventure.ch\/fr\/randonnees-ete\/","title":{"rendered":"Randonn\u00e9es \u00e9t\u00e9"},"content":{"rendered":"\t\t<div data-elementor-type=\"wp-page\" data-elementor-id=\"3521\" class=\"elementor elementor-3521\">\n\t\t\t\t<div class=\"elementor-element elementor-element-l5qa1w9 e-flex e-con-boxed e-con e-parent\" data-id=\"l5qa1w9\" data-element_type=\"container\" data-e-type=\"container\" data-settings=\"{&quot;background_background&quot;:&quot;classic&quot;}\">\n\t\t\t\t\t<div class=\"e-con-inner\">\n\t\t<div class=\"elementor-element elementor-element-868c7c6 e-con-full e-flex e-con e-child\" data-id=\"868c7c6\" data-element_type=\"container\" data-e-type=\"container\">\n\t\t\t\t<div class=\"elementor-element elementor-element-735da12 elementor-widget elementor-widget-heading\" data-id=\"735da12\" data-element_type=\"widget\" data-e-type=\"widget\" data-widget_type=\"heading.default\">\n\t\t\t\t\t<h1 class=\"elementor-heading-title elementor-size-default\">Randonn\u00e9es \u00e9t\u00e9<\/h1>\t\t\t\t<\/div>\n\t\t\t\t<\/div>\n\t\t\t\t\t<\/div>\n\t\t\t\t<\/div>\n\t\t<div class=\"elementor-element elementor-element-c86c05e e-flex e-con-boxed e-con e-parent\" data-id=\"c86c05e\" data-element_type=\"container\" data-e-type=\"container\">\n\t\t\t\t\t<div class=\"e-con-inner\">\n\t\t\t\t<div class=\"elementor-element elementor-element-44f6706 elementor-widget-divider--view-line_icon elementor-view-default elementor-widget-divider--element-align-center elementor-widget elementor-widget-divider\" data-id=\"44f6706\" data-element_type=\"widget\" data-e-type=\"widget\" data-widget_type=\"divider.default\">\n\t\t\t\t\t\t\t<div class=\"elementor-divider\">\n\t\t\t<span class=\"elementor-divider-separator\">\n\t\t\t\t\t\t\t<div class=\"elementor-icon elementor-divider__element\">\n\t\t\t\t\t<svg aria-hidden=\"true\" class=\"e-font-icon-svg e-fas-feather-alt\" viewBox=\"0 0 512 512\" xmlns=\"http:\/\/www.w3.org\/2000\/svg\"><path d=\"M512 0C460.22 3.56 96.44 38.2 71.01 287.61c-3.09 26.66-4.84 53.44-5.99 80.24l178.87-178.69c6.25-6.25 16.4-6.25 22.65 0s6.25 16.38 0 22.63L7.04 471.03c-9.38 9.37-9.38 24.57 0 33.94 9.38 9.37 24.59 9.37 33.98 0l57.13-57.07c42.09-.14 84.15-2.53 125.96-7.36 53.48-5.44 97.02-26.47 132.58-56.54H255.74l146.79-48.88c11.25-14.89 21.37-30.71 30.45-47.12h-81.14l106.54-53.21C500.29 132.86 510.19 26.26 512 0z\"><\/path><\/svg><\/div>\n\t\t\t\t\t\t<\/span>\n\t\t<\/div>\n\t\t\t\t\t\t<\/div>\n\t\t\t\t\t<\/div>\n\t\t\t\t<\/div>\n\t\t<div class=\"elementor-element elementor-element-acz8sm5 e-flex e-con-boxed e-con e-parent\" data-id=\"acz8sm5\" data-element_type=\"container\" data-e-type=\"container\" data-settings=\"{&quot;background_background&quot;:&quot;classic&quot;}\">\n\t\t\t\t\t<div class=\"e-con-inner\">\n\t\t<div class=\"elementor-element elementor-element-1bb4ead e-con-full e-flex e-con e-child\" data-id=\"1bb4ead\" data-element_type=\"container\" data-e-type=\"container\">\n\t\t\t\t<div class=\"elementor-element elementor-element-e1406ee elementor-widget elementor-widget-hfe-infocard\" data-id=\"e1406ee\" data-element_type=\"widget\" data-e-type=\"widget\" data-widget_type=\"hfe-infocard.default\">\n\t\t\t\t<div class=\"elementor-widget-container\">\n\t\t\t\t\t\n\t\t<div class=\"hfe-infocard\">\n\t\t\t\t\t\t\t\t\t<div class=\"hfe-infocard-title-wrap\">\n\t\t\t\t<h2 class=\"hfe-infocard-title elementor-inline-editing\" data-elementor-setting-key=\"infocard_title\" data-elementor-inline-editing-toolbar=\"basic\" >1. Mol\u00e9son \u2013 Teysachaux - Cr\u00eate des Pr\u00e9alpes fribourgeoises<\/h2>\t\t\t<\/div>\n\t\t\t\t\t\t<div class=\"hfe-infocard-text-wrap\">\n\t\t\t\t<div class=\"hfe-infocard-text elementor-inline-editing\" data-elementor-setting-key=\"infocard_description\" data-elementor-inline-editing-toolbar=\"advanced\">\n\t\t\t\t\tUn itin\u00e9raire embl\u00e9matique des Pr\u00e9alpes fribourgeoises menant au sommet du Mol\u00e9son (2\u2019002 m). Depuis la cr\u00eate reliant le Mol\u00e9son \u00e0 Teysachaux, chaque pas est une invitation au partage dans un d\u00e9cor tout simplement magique.\nLe sentier traverse un v\u00e9ritable jardin alpin, riche en orchid\u00e9es, gentianes, p\u00e9diculaires et de nombreuses autres fleurs remarquables.\nTout au long du parcours, un panorama grandiose s\u2019ouvre sur les lacs de Suisse romande, le Jura et la cha\u00eene des Alpes.\n\t\t\t\t<\/div>\n\t\t\t\t\t\t\t<\/div>\n\t\t<\/div>\n\n\t\t\t\t\t\t<\/div>\n\t\t\t\t<\/div>\n\t\t\t\t<div class=\"elementor-element elementor-element-e3c42ac elementor-align-center elementor-widget elementor-widget-button\" data-id=\"e3c42ac\" data-element_type=\"widget\" data-e-type=\"widget\" data-widget_type=\"button.default\">\n\t\t\t\t\t\t\t\t\t\t<a class=\"elementor-button elementor-button-link elementor-size-sm\" href=\"https:\/\/chocard-aventure.ch\/rando-1\/\">\n\t\t\t\t\t\t<span class=\"elementor-button-content-wrapper\">\n\t\t\t\t\t\t\t\t\t<span class=\"elementor-button-text\">En savoir plus <\/span>\n\t\t\t\t\t<\/span>\n\t\t\t\t\t<\/a>\n\t\t\t\t\t\t\t\t<\/div>\n\t\t\t\t<\/div>\n\t\t<div class=\"elementor-element elementor-element-11f63ad e-con-full e-flex e-con e-child\" data-id=\"11f63ad\" data-element_type=\"container\" data-e-type=\"container\" data-settings=\"{&quot;background_background&quot;:&quot;slideshow&quot;,&quot;background_slideshow_gallery&quot;:[{&quot;id&quot;:3472,&quot;url&quot;:&quot;https:\\\/\\\/chocard-aventure.ch\\\/wp-content\\\/uploads\\\/2026\\\/02\\\/1_Moleson-scaled.jpg&quot;}],&quot;background_slideshow_loop&quot;:&quot;yes&quot;,&quot;background_slideshow_slide_duration&quot;:5000,&quot;background_slideshow_slide_transition&quot;:&quot;fade&quot;,&quot;background_slideshow_transition_duration&quot;:500}\">\n\t\t\t\t<\/div>\n\t\t\t\t\t<\/div>\n\t\t\t\t<\/div>\n\t\t<div class=\"elementor-element elementor-element-rwiqvor e-flex e-con-boxed e-con e-parent\" data-id=\"rwiqvor\" data-element_type=\"container\" data-e-type=\"container\" data-settings=\"{&quot;background_background&quot;:&quot;classic&quot;}\">\n\t\t\t\t\t<div class=\"e-con-inner\">\n\t\t<div class=\"elementor-element elementor-element-c6a54c4 e-con-full e-flex e-con e-child\" data-id=\"c6a54c4\" data-element_type=\"container\" data-e-type=\"container\" data-settings=\"{&quot;background_background&quot;:&quot;slideshow&quot;,&quot;background_slideshow_gallery&quot;:[{&quot;id&quot;:3474,&quot;url&quot;:&quot;https:\\\/\\\/chocard-aventure.ch\\\/wp-content\\\/uploads\\\/2026\\\/02\\\/2_BisseRo-scaled.jpg&quot;}],&quot;background_slideshow_loop&quot;:&quot;yes&quot;,&quot;background_slideshow_slide_duration&quot;:5000,&quot;background_slideshow_slide_transition&quot;:&quot;fade&quot;,&quot;background_slideshow_transition_duration&quot;:500}\">\n\t\t\t\t<\/div>\n\t\t<div class=\"elementor-element elementor-element-0a70900 e-con-full e-flex e-con e-child\" data-id=\"0a70900\" data-element_type=\"container\" data-e-type=\"container\">\n\t\t\t\t<div class=\"elementor-element elementor-element-f711776 elementor-widget elementor-widget-hfe-infocard\" data-id=\"f711776\" data-element_type=\"widget\" data-e-type=\"widget\" data-widget_type=\"hfe-infocard.default\">\n\t\t\t\t<div class=\"elementor-widget-container\">\n\t\t\t\t\t\n\t\t<div class=\"hfe-infocard\">\n\t\t\t\t\t\t\t\t\t<div class=\"hfe-infocard-title-wrap\">\n\t\t\t\t<h2 class=\"hfe-infocard-title elementor-inline-editing\" data-elementor-setting-key=\"infocard_title\" data-elementor-inline-editing-toolbar=\"basic\" >2. Bisse du Ro<\/h2>\t\t\t<\/div>\n\t\t\t\t\t\t<div class=\"hfe-infocard-text-wrap\">\n\t\t\t\t<div class=\"hfe-infocard-text elementor-inline-editing\" data-elementor-setting-key=\"infocard_description\" data-elementor-inline-editing-toolbar=\"advanced\">\n\t\t\t\t\tUn parcours spectaculaire \u00e0 flanc de montagne, empruntant de superbes passerelles longeant un ancien canal d\u2019irrigation. Le bisse traverse des falaises vertigineuses et offre des sensations uniques, notamment lors du passage d\u2019une passerelle suspendue \u00e0 70 m\u00e8tres au-dessus du sol.\nLe chemin est bord\u00e9 d\u2019orchid\u00e9es et de fleurs alpines, tandis que le regard plonge vers la vall\u00e9e du Rh\u00f4ne. En face, les Alpes valaisannes se dressent fi\u00e8rement, avec plusieurs sommets d\u00e9passant les 4\u2019000 m\u00e8tres.\n\t\t\t\t<\/div>\n\t\t\t\t\t\t\t<\/div>\n\t\t<\/div>\n\n\t\t\t\t\t\t<\/div>\n\t\t\t\t<\/div>\n\t\t\t\t<div class=\"elementor-element elementor-element-e4306f3 elementor-align-center elementor-widget elementor-widget-button\" data-id=\"e4306f3\" data-element_type=\"widget\" data-e-type=\"widget\" data-widget_type=\"button.default\">\n\t\t\t\t\t\t\t\t\t\t<a class=\"elementor-button elementor-button-link elementor-size-sm\" href=\"https:\/\/chocard-aventure.ch\/rando-ete-2\/\">\n\t\t\t\t\t\t<span class=\"elementor-button-content-wrapper\">\n\t\t\t\t\t\t\t\t\t<span class=\"elementor-button-text\">En savoir plus<\/span>\n\t\t\t\t\t<\/span>\n\t\t\t\t\t<\/a>\n\t\t\t\t\t\t\t\t<\/div>\n\t\t\t\t<\/div>\n\t\t\t\t\t<\/div>\n\t\t\t\t<\/div>\n\t\t<div class=\"elementor-element elementor-element-ccy5xc9 e-flex e-con-boxed e-con e-parent\" data-id=\"ccy5xc9\" data-element_type=\"container\" data-e-type=\"container\" data-settings=\"{&quot;background_background&quot;:&quot;classic&quot;}\">\n\t\t\t\t\t<div class=\"e-con-inner\">\n\t\t<div class=\"elementor-element elementor-element-d1ba4fb e-con-full e-flex e-con e-child\" data-id=\"d1ba4fb\" data-element_type=\"container\" data-e-type=\"container\">\n\t\t\t\t<div class=\"elementor-element elementor-element-b38e976 elementor-widget elementor-widget-hfe-infocard\" data-id=\"b38e976\" data-element_type=\"widget\" data-e-type=\"widget\" data-widget_type=\"hfe-infocard.default\">\n\t\t\t\t<div class=\"elementor-widget-container\">\n\t\t\t\t\t\n\t\t<div class=\"hfe-infocard\">\n\t\t\t\t\t\t\t\t\t<div class=\"hfe-infocard-title-wrap\">\n\t\t\t\t<h2 class=\"hfe-infocard-title elementor-inline-editing\" data-elementor-setting-key=\"infocard_title\" data-elementor-inline-editing-toolbar=\"basic\" >3. Les Cinq Lacs \u2013 Col du Saint-Gothard<\/h2>\t\t\t<\/div>\n\t\t\t\t\t\t<div class=\"hfe-infocard-text-wrap\">\n\t\t\t\t<div class=\"hfe-infocard-text elementor-inline-editing\" data-elementor-setting-key=\"infocard_description\" data-elementor-inline-editing-toolbar=\"advanced\">\n\t\t\t\t\tUn itin\u00e9raire enchanteur ponctu\u00e9 de cinq lacs de montagne, v\u00e9ritables miroirs o\u00f9 se refl\u00e8tent le ciel et les sommets environnants. Chaque halte offre un moment hors du temps.\nLe paysage, sauvage et min\u00e9ral, est parsem\u00e9 de blocs de granit monumentaux. Au c\u0153ur des Alpes, le panorama est saisissant, entour\u00e9 de sommets imposants qui donnent toute sa dimension \u00e0 ce d\u00e9cor d\u2019altitude.\n\t\t\t\t<\/div>\n\t\t\t\t\t\t\t<\/div>\n\t\t<\/div>\n\n\t\t\t\t\t\t<\/div>\n\t\t\t\t<\/div>\n\t\t\t\t<div class=\"elementor-element elementor-element-3de6e68 elementor-align-center elementor-widget elementor-widget-button\" data-id=\"3de6e68\" data-element_type=\"widget\" data-e-type=\"widget\" data-widget_type=\"button.default\">\n\t\t\t\t\t\t\t\t\t\t<a class=\"elementor-button elementor-button-link elementor-size-sm\" href=\"https:\/\/chocard-aventure.ch\/rando-ete-3\/\">\n\t\t\t\t\t\t<span class=\"elementor-button-content-wrapper\">\n\t\t\t\t\t\t\t\t\t<span class=\"elementor-button-text\">En savoir plus<\/span>\n\t\t\t\t\t<\/span>\n\t\t\t\t\t<\/a>\n\t\t\t\t\t\t\t\t<\/div>\n\t\t\t\t<\/div>\n\t\t<div class=\"elementor-element elementor-element-9c33f81 e-con-full e-flex e-con e-child\" data-id=\"9c33f81\" data-element_type=\"container\" data-e-type=\"container\" data-settings=\"{&quot;background_background&quot;:&quot;slideshow&quot;,&quot;background_slideshow_gallery&quot;:[{&quot;id&quot;:3475,&quot;url&quot;:&quot;https:\\\/\\\/chocard-aventure.ch\\\/wp-content\\\/uploads\\\/2026\\\/02\\\/3_StGothard-scaled.jpg&quot;}],&quot;background_slideshow_loop&quot;:&quot;yes&quot;,&quot;background_slideshow_slide_duration&quot;:5000,&quot;background_slideshow_slide_transition&quot;:&quot;fade&quot;,&quot;background_slideshow_transition_duration&quot;:500}\">\n\t\t\t\t<\/div>\n\t\t\t\t\t<\/div>\n\t\t\t\t<\/div>\n\t\t<div class=\"elementor-element elementor-element-25fefdc e-flex e-con-boxed e-con e-parent\" data-id=\"25fefdc\" data-element_type=\"container\" data-e-type=\"container\">\n\t\t\t\t\t<div class=\"e-con-inner\">\n\t\t<div class=\"elementor-element elementor-element-6ac321f e-con-full e-flex e-con e-child\" data-id=\"6ac321f\" data-element_type=\"container\" data-e-type=\"container\" data-settings=\"{&quot;background_background&quot;:&quot;classic&quot;}\">\n\t\t<div class=\"elementor-element elementor-element-55416d1 e-con-full e-flex e-con e-child\" data-id=\"55416d1\" data-element_type=\"container\" data-e-type=\"container\" data-settings=\"{&quot;background_background&quot;:&quot;slideshow&quot;,&quot;background_slideshow_gallery&quot;:[{&quot;id&quot;:3476,&quot;url&quot;:&quot;https:\\\/\\\/chocard-aventure.ch\\\/wp-content\\\/uploads\\\/2026\\\/02\\\/4_Cabanerambert-scaled.jpg&quot;}],&quot;background_slideshow_loop&quot;:&quot;yes&quot;,&quot;background_slideshow_slide_duration&quot;:5000,&quot;background_slideshow_slide_transition&quot;:&quot;fade&quot;,&quot;background_slideshow_transition_duration&quot;:500}\">\n\t\t\t\t<\/div>\n\t\t<div class=\"elementor-element elementor-element-aee5772 e-con-full e-flex e-con e-child\" data-id=\"aee5772\" data-element_type=\"container\" data-e-type=\"container\">\n\t\t\t\t<div class=\"elementor-element elementor-element-b013f6e elementor-widget elementor-widget-hfe-infocard\" data-id=\"b013f6e\" data-element_type=\"widget\" data-e-type=\"widget\" data-widget_type=\"hfe-infocard.default\">\n\t\t\t\t<div class=\"elementor-widget-container\">\n\t\t\t\t\t\n\t\t<div class=\"hfe-infocard\">\n\t\t\t\t\t\t\t\t\t<div class=\"hfe-infocard-title-wrap\">\n\t\t\t\t<h2 class=\"hfe-infocard-title elementor-inline-editing\" data-elementor-setting-key=\"infocard_title\" data-elementor-inline-editing-toolbar=\"basic\" >4. Cabane Rambert<\/h2>\t\t\t<\/div>\n\t\t\t\t\t\t<div class=\"hfe-infocard-text-wrap\">\n\t\t\t\t<div class=\"hfe-infocard-text elementor-inline-editing\" data-elementor-setting-key=\"infocard_description\" data-elementor-inline-editing-toolbar=\"advanced\">\n\t\t\t\t\tPerch\u00e9e \u00e0 2\u2019580 m, la cabane Rambert semble dominer les nuages \u2014 un v\u00e9ritable havre de paix au c\u0153ur des Alpes. L\u2019ascension, pleine de charme, traverse des p\u00e2turages alpins avant de laisser place \u00e0 un univers de haute montagne.\nLa nature y est pr\u00e9serv\u00e9e, les sentiers bord\u00e9s de fleurs sauvages et de vues plongeantes sur la vall\u00e9e du Rh\u00f4ne. Face \u00e0 vous, le spectacle est grandiose : Dents du Midi, Mont Blanc et sommets valaisans composent un panorama d\u2019exception. Un lieu id\u00e9al pour ressentir toute la puissance et la beaut\u00e9 brute des Alpes suisses.\n\t\t\t\t<\/div>\n\t\t\t\t\t\t\t<\/div>\n\t\t<\/div>\n\n\t\t\t\t\t\t<\/div>\n\t\t\t\t<\/div>\n\t\t\t\t<div class=\"elementor-element elementor-element-8f81712 elementor-align-center elementor-widget elementor-widget-button\" data-id=\"8f81712\" data-element_type=\"widget\" data-e-type=\"widget\" data-widget_type=\"button.default\">\n\t\t\t\t\t\t\t\t\t\t<a class=\"elementor-button elementor-button-link elementor-size-sm\" href=\"https:\/\/chocard-aventure.ch\/rando-ete-4\/\">\n\t\t\t\t\t\t<span class=\"elementor-button-content-wrapper\">\n\t\t\t\t\t\t\t\t\t<span class=\"elementor-button-text\">En savoir plus<\/span>\n\t\t\t\t\t<\/span>\n\t\t\t\t\t<\/a>\n\t\t\t\t\t\t\t\t<\/div>\n\t\t\t\t<\/div>\n\t\t\t\t<\/div>\n\t\t\t\t\t<\/div>\n\t\t\t\t<\/div>\n\t\t<div class=\"elementor-element elementor-element-3b69361 e-flex e-con-boxed e-con e-parent\" data-id=\"3b69361\" data-element_type=\"container\" data-e-type=\"container\">\n\t\t\t\t\t<div class=\"e-con-inner\">\n\t\t<div class=\"elementor-element elementor-element-1ee0b65 e-con-full e-flex e-con e-child\" data-id=\"1ee0b65\" data-element_type=\"container\" data-e-type=\"container\" data-settings=\"{&quot;background_background&quot;:&quot;classic&quot;}\">\n\t\t<div class=\"elementor-element elementor-element-b90a195 e-con-full e-flex e-con e-child\" data-id=\"b90a195\" data-element_type=\"container\" data-e-type=\"container\">\n\t\t\t\t<div class=\"elementor-element elementor-element-956a526 elementor-widget elementor-widget-hfe-infocard\" data-id=\"956a526\" data-element_type=\"widget\" data-e-type=\"widget\" data-widget_type=\"hfe-infocard.default\">\n\t\t\t\t<div class=\"elementor-widget-container\">\n\t\t\t\t\t\n\t\t<div class=\"hfe-infocard\">\n\t\t\t\t\t\t\t\t\t<div class=\"hfe-infocard-title-wrap\">\n\t\t\t\t<h2 class=\"hfe-infocard-title elementor-inline-editing\" data-elementor-setting-key=\"infocard_title\" data-elementor-inline-editing-toolbar=\"basic\" >5. Anniversaire Surprise \u2013 Exp\u00e9rience Nature &amp; Gourmande<\/h2>\t\t\t<\/div>\n\t\t\t\t\t\t<div class=\"hfe-infocard-text-wrap\">\n\t\t\t\t<div class=\"hfe-infocard-text elementor-inline-editing\" data-elementor-setting-key=\"infocard_description\" data-elementor-inline-editing-toolbar=\"advanced\">\n\t\t\t\t\tUn moment unique \u00e0 partager autour d\u2019un repas d\u2019automne dans une charmante auberge. L\u2019exp\u00e9rience se d\u00e9roule dans un cadre naturel d\u2019une grande beaut\u00e9, entre vignobles et for\u00eats.\nLe panorama s\u2019ouvre sur une vue spectaculaire du L\u00e9man, parfaite pour c\u00e9l\u00e9brer un \u00e9v\u00e9nement dans une atmosph\u00e8re chaleureuse et inoubliable.\n\t\t\t\t<\/div>\n\t\t\t\t\t\t\t<\/div>\n\t\t<\/div>\n\n\t\t\t\t\t\t<\/div>\n\t\t\t\t<\/div>\n\t\t\t\t<div class=\"elementor-element elementor-element-9041917 elementor-align-center elementor-widget elementor-widget-button\" data-id=\"9041917\" data-element_type=\"widget\" data-e-type=\"widget\" data-widget_type=\"button.default\">\n\t\t\t\t\t\t\t\t\t\t<a class=\"elementor-button elementor-button-link elementor-size-sm\" href=\"https:\/\/chocard-aventure.ch\/rando-ete-5\/\">\n\t\t\t\t\t\t<span class=\"elementor-button-content-wrapper\">\n\t\t\t\t\t\t\t\t\t<span class=\"elementor-button-text\">En savoir plus<\/span>\n\t\t\t\t\t<\/span>\n\t\t\t\t\t<\/a>\n\t\t\t\t\t\t\t\t<\/div>\n\t\t\t\t<\/div>\n\t\t<div class=\"elementor-element elementor-element-2357fa4 e-con-full e-flex e-con e-child\" data-id=\"2357fa4\" data-element_type=\"container\" data-e-type=\"container\" data-settings=\"{&quot;background_background&quot;:&quot;slideshow&quot;,&quot;background_slideshow_gallery&quot;:[{&quot;id&quot;:3477,&quot;url&quot;:&quot;https:\\\/\\\/chocard-aventure.ch\\\/wp-content\\\/uploads\\\/2026\\\/02\\\/5_Anniversaire-scaled.jpg&quot;}],&quot;background_slideshow_loop&quot;:&quot;yes&quot;,&quot;background_slideshow_slide_duration&quot;:5000,&quot;background_slideshow_slide_transition&quot;:&quot;fade&quot;,&quot;background_slideshow_transition_duration&quot;:500}\">\n\t\t\t\t<\/div>\n\t\t\t\t<\/div>\n\t\t\t\t\t<\/div>\n\t\t\t\t<\/div>\n\t\t<div class=\"elementor-element elementor-element-4e343c7 e-flex e-con-boxed e-con e-parent\" data-id=\"4e343c7\" data-element_type=\"container\" data-e-type=\"container\">\n\t\t\t\t\t<div class=\"e-con-inner\">\n\t\t<div class=\"elementor-element elementor-element-f24a696 e-con-full e-flex e-con e-child\" data-id=\"f24a696\" data-element_type=\"container\" data-e-type=\"container\">\n\t\t<div class=\"elementor-element elementor-element-19742b8 e-con-full e-flex e-con e-child\" data-id=\"19742b8\" data-element_type=\"container\" data-e-type=\"container\" data-settings=\"{&quot;background_background&quot;:&quot;classic&quot;}\">\n\t\t<div class=\"elementor-element elementor-element-d7e2347 e-con-full e-flex e-con e-child\" data-id=\"d7e2347\" data-element_type=\"container\" data-e-type=\"container\" data-settings=\"{&quot;background_background&quot;:&quot;slideshow&quot;,&quot;background_slideshow_gallery&quot;:[{&quot;id&quot;:3478,&quot;url&quot;:&quot;https:\\\/\\\/chocard-aventure.ch\\\/wp-content\\\/uploads\\\/2026\\\/02\\\/5_Pierredar-scaled.jpg&quot;}],&quot;background_slideshow_loop&quot;:&quot;yes&quot;,&quot;background_slideshow_slide_duration&quot;:5000,&quot;background_slideshow_slide_transition&quot;:&quot;fade&quot;,&quot;background_slideshow_transition_duration&quot;:500}\">\n\t\t\t\t<\/div>\n\t\t<div class=\"elementor-element elementor-element-6d4f894 e-con-full e-flex e-con e-child\" data-id=\"6d4f894\" data-element_type=\"container\" data-e-type=\"container\">\n\t\t\t\t<div class=\"elementor-element elementor-element-b013e18 elementor-widget elementor-widget-hfe-infocard\" data-id=\"b013e18\" data-element_type=\"widget\" data-e-type=\"widget\" data-widget_type=\"hfe-infocard.default\">\n\t\t\t\t<div class=\"elementor-widget-container\">\n\t\t\t\t\t\n\t\t<div class=\"hfe-infocard\">\n\t\t\t\t\t\t\t\t\t<div class=\"hfe-infocard-title-wrap\">\n\t\t\t\t<h2 class=\"hfe-infocard-title elementor-inline-editing\" data-elementor-setting-key=\"infocard_title\" data-elementor-inline-editing-toolbar=\"basic\" >6. Refuge de Pierredar en boucle<\/h2>\t\t\t<\/div>\n\t\t\t\t\t\t<div class=\"hfe-infocard-text-wrap\">\n\t\t\t\t<div class=\"hfe-infocard-text elementor-inline-editing\" data-elementor-setting-key=\"infocard_description\" data-elementor-inline-editing-toolbar=\"advanced\">\n\t\t\t\t\tUn itin\u00e9raire au c\u0153ur des Alpes vaudoises, atteignant 2\u2019300 m, avec un sentier spectaculaire suspendu \u00e0 mi-hauteur sous les imposants Rochers de la Marchande, dominant la combe du Creux de Champ.\nSelon l\u2019altitude et la nature du terrain, la flore varie et offre une diversit\u00e9 exceptionnelle sur le plateau de Pierredar. En toile de fond, un panorama magnifique sur le Glacier de Pierredar, les Pr\u00e9alpes vaudoises et les Alpes de Haute-Savoie.\n\t\t\t\t<\/div>\n\t\t\t\t\t\t\t<\/div>\n\t\t<\/div>\n\n\t\t\t\t\t\t<\/div>\n\t\t\t\t<\/div>\n\t\t\t\t<div class=\"elementor-element elementor-element-06f1e1b elementor-align-center elementor-widget elementor-widget-button\" data-id=\"06f1e1b\" data-element_type=\"widget\" data-e-type=\"widget\" data-widget_type=\"button.default\">\n\t\t\t\t\t\t\t\t\t\t<a class=\"elementor-button elementor-button-link elementor-size-sm\" href=\"https:\/\/chocard-aventure.ch\/rando-ete-6\/\">\n\t\t\t\t\t\t<span class=\"elementor-button-content-wrapper\">\n\t\t\t\t\t\t\t\t\t<span class=\"elementor-button-text\">En savoir plus<\/span>\n\t\t\t\t\t<\/span>\n\t\t\t\t\t<\/a>\n\t\t\t\t\t\t\t\t<\/div>\n\t\t\t\t<\/div>\n\t\t\t\t<\/div>\n\t\t\t\t<\/div>\n\t\t\t\t\t<\/div>\n\t\t\t\t<\/div>\n\t\t<div class=\"elementor-element elementor-element-5f21752 e-flex e-con-boxed e-con e-parent\" data-id=\"5f21752\" data-element_type=\"container\" data-e-type=\"container\">\n\t\t\t\t\t<div class=\"e-con-inner\">\n\t\t<div class=\"elementor-element elementor-element-4805552 e-con-full e-flex e-con e-child\" data-id=\"4805552\" data-element_type=\"container\" data-e-type=\"container\" data-settings=\"{&quot;background_background&quot;:&quot;classic&quot;}\">\n\t\t<div class=\"elementor-element elementor-element-a88cf4c e-con-full e-flex e-con e-child\" data-id=\"a88cf4c\" data-element_type=\"container\" data-e-type=\"container\">\n\t\t\t\t<div class=\"elementor-element elementor-element-7e5e653 elementor-widget elementor-widget-hfe-infocard\" data-id=\"7e5e653\" data-element_type=\"widget\" data-e-type=\"widget\" data-widget_type=\"hfe-infocard.default\">\n\t\t\t\t<div class=\"elementor-widget-container\">\n\t\t\t\t\t\n\t\t<div class=\"hfe-infocard\">\n\t\t\t\t\t\t\t\t\t<div class=\"hfe-infocard-title-wrap\">\n\t\t\t\t<h2 class=\"hfe-infocard-title elementor-inline-editing\" data-elementor-setting-key=\"infocard_title\" data-elementor-inline-editing-toolbar=\"basic\" >7. Cabane Prarochet en boucle<\/h2>\t\t\t<\/div>\n\t\t\t\t\t\t<div class=\"hfe-infocard-text-wrap\">\n\t\t\t\t<div class=\"hfe-infocard-text elementor-inline-editing\" data-elementor-setting-key=\"infocard_description\" data-elementor-inline-editing-toolbar=\"advanced\">\n\t\t\t\t\tUn itin\u00e9raire hors du commun dans un d\u00e9cor presque lunaire au c\u0153ur des Alpes vaudoises. Le parcours traverse les lapiaz de Tsanfleuron, sous le glacier du m\u00eame nom, dans une ambiance min\u00e9rale spectaculaire.\nLa flore d\u2019altitude ajoute une touche de vie \u00e0 ce paysage brut. Le regard s\u2019\u00e9tend vers le Glacier de Pierredar, les Pr\u00e9alpes vaudoises et les Alpes de Haute-Savoie, offrant un panorama alpin d\u2019une grande intensit\u00e9.\n\t\t\t\t<\/div>\n\t\t\t\t\t\t\t<\/div>\n\t\t<\/div>\n\n\t\t\t\t\t\t<\/div>\n\t\t\t\t<\/div>\n\t\t\t\t<div class=\"elementor-element elementor-element-bc8924d elementor-align-center elementor-widget elementor-widget-button\" data-id=\"bc8924d\" data-element_type=\"widget\" data-e-type=\"widget\" data-widget_type=\"button.default\">\n\t\t\t\t\t\t\t\t\t\t<a class=\"elementor-button elementor-button-link elementor-size-sm\" href=\"https:\/\/chocard-aventure.ch\/rando-ete-7\/\">\n\t\t\t\t\t\t<span class=\"elementor-button-content-wrapper\">\n\t\t\t\t\t\t\t\t\t<span class=\"elementor-button-text\">En savoir plus<\/span>\n\t\t\t\t\t<\/span>\n\t\t\t\t\t<\/a>\n\t\t\t\t\t\t\t\t<\/div>\n\t\t\t\t<\/div>\n\t\t<div class=\"elementor-element elementor-element-1a55c5b e-con-full e-flex e-con e-child\" data-id=\"1a55c5b\" data-element_type=\"container\" data-e-type=\"container\" data-settings=\"{&quot;background_background&quot;:&quot;slideshow&quot;,&quot;background_slideshow_gallery&quot;:[{&quot;id&quot;:3479,&quot;url&quot;:&quot;https:\\\/\\\/chocard-aventure.ch\\\/wp-content\\\/uploads\\\/2026\\\/02\\\/6_Prarochet-scaled.jpg&quot;}],&quot;background_slideshow_loop&quot;:&quot;yes&quot;,&quot;background_slideshow_slide_duration&quot;:5000,&quot;background_slideshow_slide_transition&quot;:&quot;fade&quot;,&quot;background_slideshow_transition_duration&quot;:500}\">\n\t\t\t\t<\/div>\n\t\t\t\t<\/div>\n\t\t\t\t\t<\/div>\n\t\t\t\t<\/div>\n\t\t<div class=\"elementor-element elementor-element-8a41235 e-flex e-con-boxed e-con e-parent\" data-id=\"8a41235\" data-element_type=\"container\" data-e-type=\"container\">\n\t\t\t\t\t<div class=\"e-con-inner\">\n\t\t<div class=\"elementor-element elementor-element-b83b595 e-con-full e-flex e-con e-child\" data-id=\"b83b595\" data-element_type=\"container\" data-e-type=\"container\">\n\t\t\t\t<div class=\"elementor-element elementor-element-bbfa253 elementor-widget-divider--view-line_icon elementor-view-default elementor-widget-divider--element-align-center elementor-widget elementor-widget-divider\" data-id=\"bbfa253\" data-element_type=\"widget\" data-e-type=\"widget\" data-widget_type=\"divider.default\">\n\t\t\t\t\t\t\t<div class=\"elementor-divider\">\n\t\t\t<span class=\"elementor-divider-separator\">\n\t\t\t\t\t\t\t<div class=\"elementor-icon elementor-divider__element\">\n\t\t\t\t\t<svg aria-hidden=\"true\" class=\"e-font-icon-svg e-fas-feather-alt\" viewBox=\"0 0 512 512\" xmlns=\"http:\/\/www.w3.org\/2000\/svg\"><path d=\"M512 0C460.22 3.56 96.44 38.2 71.01 287.61c-3.09 26.66-4.84 53.44-5.99 80.24l178.87-178.69c6.25-6.25 16.4-6.25 22.65 0s6.25 16.38 0 22.63L7.04 471.03c-9.38 9.37-9.38 24.57 0 33.94 9.38 9.37 24.59 9.37 33.98 0l57.13-57.07c42.09-.14 84.15-2.53 125.96-7.36 53.48-5.44 97.02-26.47 132.58-56.54H255.74l146.79-48.88c11.25-14.89 21.37-30.71 30.45-47.12h-81.14l106.54-53.21C500.29 132.86 510.19 26.26 512 0z\"><\/path><\/svg><\/div>\n\t\t\t\t\t\t<\/span>\n\t\t<\/div>\n\t\t\t\t\t\t<\/div>\n\t\t\t\t<\/div>\n\t\t\t\t\t<\/div>\n\t\t\t\t<\/div>\n\t\t\t\t<\/div>\n\t\t","protected":false},"excerpt":{"rendered":"<p>Randonn\u00e9es \u00e9t\u00e9 1. Mol\u00e9son \u2013 Teysachaux &#8211; Cr\u00eate des Pr\u00e9alpes fribourgeoises Un itin\u00e9raire embl\u00e9matique des Pr\u00e9alpes fribourgeoises menant au sommet du Mol\u00e9son (2\u2019002 m). Depuis la cr\u00eate reliant le Mol\u00e9son \u00e0 Teysachaux, chaque pas est une invitation au partage dans un d\u00e9cor tout simplement magique. Le sentier traverse un v\u00e9ritable jardin alpin, riche en orchid\u00e9es, [&hellip;]<\/p>\n","protected":false},"author":1,"featured_media":0,"parent":0,"menu_order":0,"comment_status":"closed","ping_status":"closed","template":"","meta":{"_uag_custom_page_level_css":"","site-sidebar-layout":"no-sidebar","site-content-layout":"page-builder","ast-site-content-layout":"full-width-container","site-content-style":"default","site-sidebar-style":"default","ast-global-header-display":"","ast-banner-title-visibility":"","ast-main-header-display":"","ast-hfb-above-header-display":"","ast-hfb-below-header-display":"","ast-hfb-mobile-header-display":"","site-post-title":"disabled","ast-breadcrumbs-content":"","ast-featured-img":"disabled","footer-sml-layout":"","ast-disable-related-posts":"","theme-transparent-header-meta":"","adv-header-id-meta":"","stick-header-meta":"","header-above-stick-meta":"","header-main-stick-meta":"","header-below-stick-meta":"","astra-migrate-meta-layouts":"set","ast-page-background-enabled":"default","ast-page-background-meta":{"desktop":{"background-color":"var(--ast-global-color-4)","background-image":"","background-repeat":"repeat","background-position":"center center","background-size":"auto","background-attachment":"scroll","background-type":"","background-media":"","overlay-type":"","overlay-color":"","overlay-opacity":"","overlay-gradient":""},"tablet":{"background-color":"","background-image":"","background-repeat":"repeat","background-position":"center center","background-size":"auto","background-attachment":"scroll","background-type":"","background-media":"","overlay-type":"","overlay-color":"","overlay-opacity":"","overlay-gradient":""},"mobile":{"background-color":"","background-image":"","background-repeat":"repeat","background-position":"center center","background-size":"auto","background-attachment":"scroll","background-type":"","background-media":"","overlay-type":"","overlay-color":"","overlay-opacity":"","overlay-gradient":""}},"ast-content-background-meta":{"desktop":{"background-color":"var(--ast-global-color-5)","background-image":"","background-repeat":"repeat","background-position":"center center","background-size":"auto","background-attachment":"scroll","background-type":"","background-media":"","overlay-type":"","overlay-color":"","overlay-opacity":"","overlay-gradient":""},"tablet":{"background-color":"var(--ast-global-color-5)","background-image":"","background-repeat":"repeat","background-position":"center center","background-size":"auto","background-attachment":"scroll","background-type":"","background-media":"","overlay-type":"","overlay-color":"","overlay-opacity":"","overlay-gradient":""},"mobile":{"background-color":"var(--ast-global-color-5)","background-image":"","background-repeat":"repeat","background-position":"center center","background-size":"auto","background-attachment":"scroll","background-type":"","background-media":"","overlay-type":"","overlay-color":"","overlay-opacity":"","overlay-gradient":""}},"footnotes":""},"class_list":["post-3521","page","type-page","status-publish","hentry"],"aioseo_notices":[],"uagb_featured_image_src":{"full":false,"thumbnail":false,"medium":false,"medium_large":false,"large":false,"1536x1536":false,"2048x2048":false,"trp-custom-language-flag":false,"woocommerce_thumbnail":false,"woocommerce_single":false,"woocommerce_gallery_thumbnail":false},"uagb_author_info":{"display_name":"chocard.aventure@hotmail.com","author_link":"https:\/\/chocard-aventure.ch\/fr\/author\/chopard-aventurehotmail-com\/"},"uagb_comment_info":0,"uagb_excerpt":"Randonn\u00e9es \u00e9t\u00e9 1. Mol\u00e9son \u2013 Teysachaux &#8211; Cr\u00eate des Pr\u00e9alpes fribourgeoises Un itin\u00e9raire embl\u00e9matique des Pr\u00e9alpes fribourgeoises menant au sommet du Mol\u00e9son (2\u2019002 m). Depuis la cr\u00eate reliant le Mol\u00e9son \u00e0 Teysachaux, chaque pas est une invitation au partage dans un d\u00e9cor tout simplement magique. Le sentier traverse un v\u00e9ritable jardin alpin, riche en orchid\u00e9es,\u2026","_links":{"self":[{"href":"https:\/\/chocard-aventure.ch\/fr\/wp-json\/wp\/v2\/pages\/3521","targetHints":{"allow":["GET"]}}],"collection":[{"href":"https:\/\/chocard-aventure.ch\/fr\/wp-json\/wp\/v2\/pages"}],"about":[{"href":"https:\/\/chocard-aventure.ch\/fr\/wp-json\/wp\/v2\/types\/page"}],"author":[{"embeddable":true,"href":"https:\/\/chocard-aventure.ch\/fr\/wp-json\/wp\/v2\/users\/1"}],"replies":[{"embeddable":true,"href":"https:\/\/chocard-aventure.ch\/fr\/wp-json\/wp\/v2\/comments?post=3521"}],"version-history":[{"count":43,"href":"https:\/\/chocard-aventure.ch\/fr\/wp-json\/wp\/v2\/pages\/3521\/revisions"}],"predecessor-version":[{"id":4731,"href":"https:\/\/chocard-aventure.ch\/fr\/wp-json\/wp\/v2\/pages\/3521\/revisions\/4731"}],"wp:attachment":[{"href":"https:\/\/chocard-aventure.ch\/fr\/wp-json\/wp\/v2\/media?parent=3521"}],"curies":[{"name":"wp","href":"https:\/\/api.w.org\/{rel}","templated":true}]}}