{"id":3523,"date":"2026-02-09T18:39:42","date_gmt":"2026-02-09T18:39:42","guid":{"rendered":"https:\/\/chocard-aventure.ch\/?page_id=3523"},"modified":"2026-03-13T12:05:40","modified_gmt":"2026-03-13T12:05:40","slug":"randonnees-hiver","status":"publish","type":"page","link":"https:\/\/chocard-aventure.ch\/fr\/randonnees-hiver\/","title":{"rendered":"Randonn\u00e9es hiver"},"content":{"rendered":"\t\t<div data-elementor-type=\"wp-page\" data-elementor-id=\"3523\" class=\"elementor elementor-3523\">\n\t\t\t\t<div class=\"elementor-element elementor-element-l5qa1w9 e-flex e-con-boxed e-con e-parent\" data-id=\"l5qa1w9\" data-element_type=\"container\" data-e-type=\"container\" data-settings=\"{&quot;background_background&quot;:&quot;classic&quot;}\">\n\t\t\t\t\t<div class=\"e-con-inner\">\n\t\t<div class=\"elementor-element elementor-element-868c7c6 e-con-full e-flex e-con e-child\" data-id=\"868c7c6\" data-element_type=\"container\" data-e-type=\"container\">\n\t\t\t\t<div class=\"elementor-element elementor-element-735da12 elementor-widget elementor-widget-heading\" data-id=\"735da12\" data-element_type=\"widget\" data-e-type=\"widget\" data-widget_type=\"heading.default\">\n\t\t\t\t\t<h1 class=\"elementor-heading-title elementor-size-default\">Randonn\u00e9es hiver<\/h1>\t\t\t\t<\/div>\n\t\t\t\t<\/div>\n\t\t\t\t\t<\/div>\n\t\t\t\t<\/div>\n\t\t<div class=\"elementor-element elementor-element-c86c05e e-flex e-con-boxed e-con e-parent\" data-id=\"c86c05e\" data-element_type=\"container\" data-e-type=\"container\">\n\t\t\t\t\t<div class=\"e-con-inner\">\n\t\t\t\t<div class=\"elementor-element elementor-element-44f6706 elementor-widget-divider--view-line_icon elementor-view-default elementor-widget-divider--element-align-center elementor-widget elementor-widget-divider\" data-id=\"44f6706\" data-element_type=\"widget\" data-e-type=\"widget\" data-widget_type=\"divider.default\">\n\t\t\t\t\t\t\t<div class=\"elementor-divider\">\n\t\t\t<span class=\"elementor-divider-separator\">\n\t\t\t\t\t\t\t<div class=\"elementor-icon elementor-divider__element\">\n\t\t\t\t\t<svg aria-hidden=\"true\" class=\"e-font-icon-svg e-far-snowflake\" viewBox=\"0 0 448 512\" xmlns=\"http:\/\/www.w3.org\/2000\/svg\"><path d=\"M440.1 355.2l-39.2-23 34.1-9.3c8.4-2.3 13.4-11.1 11.1-19.6l-4.1-15.5c-2.2-8.5-10.9-13.6-19.3-11.3L343 298.2 271.2 256l71.9-42.2 79.7 21.7c8.4 2.3 17-2.8 19.3-11.3l4.1-15.5c2.2-8.5-2.7-17.3-11.1-19.6l-34.1-9.3 39.2-23c7.5-4.4 10.1-14.2 5.8-21.9l-7.9-13.9c-4.3-7.7-14-10.3-21.5-5.9l-39.2 23 9.1-34.7c2.2-8.5-2.7-17.3-11.1-19.6l-15.2-4.1c-8.4-2.3-17 2.8-19.3 11.3l-21.3 81-71.9 42.2v-84.5L306 70.4c6.1-6.2 6.1-16.4 0-22.6l-11.1-11.3c-6.1-6.2-16.1-6.2-22.2 0l-24.9 25.4V16c0-8.8-7-16-15.7-16h-15.7c-8.7 0-15.7 7.2-15.7 16v46.1l-24.9-25.4c-6.1-6.2-16.1-6.2-22.2 0L142.1 48c-6.1 6.2-6.1 16.4 0 22.6l58.3 59.3v84.5l-71.9-42.2-21.3-81c-2.2-8.5-10.9-13.6-19.3-11.3L72.7 84c-8.4 2.3-13.4 11.1-11.1 19.6l9.1 34.7-39.2-23c-7.5-4.4-17.1-1.8-21.5 5.9l-7.9 13.9c-4.3 7.7-1.8 17.4 5.8 21.9l39.2 23-34.1 9.1c-8.4 2.3-13.4 11.1-11.1 19.6L6 224.2c2.2 8.5 10.9 13.6 19.3 11.3l79.7-21.7 71.9 42.2-71.9 42.2-79.7-21.7c-8.4-2.3-17 2.8-19.3 11.3l-4.1 15.5c-2.2 8.5 2.7 17.3 11.1 19.6l34.1 9.3-39.2 23c-7.5 4.4-10.1 14.2-5.8 21.9L10 391c4.3 7.7 14 10.3 21.5 5.9l39.2-23-9.1 34.7c-2.2 8.5 2.7 17.3 11.1 19.6l15.2 4.1c8.4 2.3 17-2.8 19.3-11.3l21.3-81 71.9-42.2v84.5l-58.3 59.3c-6.1 6.2-6.1 16.4 0 22.6l11.1 11.3c6.1 6.2 16.1 6.2 22.2 0l24.9-25.4V496c0 8.8 7 16 15.7 16h15.7c8.7 0 15.7-7.2 15.7-16v-46.1l24.9 25.4c6.1 6.2 16.1 6.2 22.2 0l11.1-11.3c6.1-6.2 6.1-16.4 0-22.6l-58.3-59.3v-84.5l71.9 42.2 21.3 81c2.2 8.5 10.9 13.6 19.3 11.3L375 428c8.4-2.3 13.4-11.1 11.1-19.6l-9.1-34.7 39.2 23c7.5 4.4 17.1 1.8 21.5-5.9l7.9-13.9c4.6-7.5 2.1-17.3-5.5-21.7z\"><\/path><\/svg><\/div>\n\t\t\t\t\t\t<\/span>\n\t\t<\/div>\n\t\t\t\t\t\t<\/div>\n\t\t\t\t\t<\/div>\n\t\t\t\t<\/div>\n\t\t<div class=\"elementor-element elementor-element-acz8sm5 e-flex e-con-boxed e-con e-parent\" data-id=\"acz8sm5\" data-element_type=\"container\" data-e-type=\"container\" data-settings=\"{&quot;background_background&quot;:&quot;classic&quot;}\">\n\t\t\t\t\t<div class=\"e-con-inner\">\n\t\t<div class=\"elementor-element elementor-element-1bb4ead e-con-full e-flex e-con e-child\" data-id=\"1bb4ead\" data-element_type=\"container\" data-e-type=\"container\">\n\t\t\t\t<div class=\"elementor-element elementor-element-e1406ee elementor-widget elementor-widget-hfe-infocard\" data-id=\"e1406ee\" data-element_type=\"widget\" data-e-type=\"widget\" data-widget_type=\"hfe-infocard.default\">\n\t\t\t\t<div class=\"elementor-widget-container\">\n\t\t\t\t\t\n\t\t<div class=\"hfe-infocard\">\n\t\t\t\t\t\t\t\t\t<div class=\"hfe-infocard-title-wrap\">\n\t\t\t\t<h2 class=\"hfe-infocard-title elementor-inline-editing\" data-elementor-setting-key=\"infocard_title\" data-elementor-inline-editing-toolbar=\"basic\" >1. Sortie en raquettes \u2013 R\u00e9gion des Paccots<\/h2>\t\t\t<\/div>\n\t\t\t\t\t\t<div class=\"hfe-infocard-text-wrap\">\n\t\t\t\t<div class=\"hfe-infocard-text elementor-inline-editing\" data-elementor-setting-key=\"infocard_description\" data-elementor-inline-editing-toolbar=\"advanced\">\n\t\t\t\t\tUne escapade tonique au c\u0153ur des Pr\u00e9alpes fribourgeoises, lorsque les premiers manteaux neigeux transforment les paysages en d\u00e9cors cristallins.\nLa progression est dynamique, rythm\u00e9e par l\u2019\u00e9nergie du groupe et la fra\u00eecheur de l\u2019air hivernal. Entre for\u00eats silencieuses et combes immacul\u00e9es, la lumi\u00e8re joue avec la neige et cr\u00e9e une atmosph\u00e8re \u00e0 la fois pure et vivifiante.\nDepuis les hauteurs, le regard s\u2019ouvre sur le Mol\u00e9son, la Dent de Lys et les Cornettes de Bise. Parfois, la magie op\u00e8re au-dessus d\u2019une mer de brouillard, offrant un spectacle lumineux inoubliable.\t\t\t\t<\/div>\n\t\t\t\t\t\t\t<\/div>\n\t\t<\/div>\n\n\t\t\t\t\t\t<\/div>\n\t\t\t\t<\/div>\n\t\t\t\t<div class=\"elementor-element elementor-element-e3c42ac elementor-align-center elementor-widget elementor-widget-button\" data-id=\"e3c42ac\" data-element_type=\"widget\" data-e-type=\"widget\" data-widget_type=\"button.default\">\n\t\t\t\t\t\t\t\t\t\t<a class=\"elementor-button elementor-button-link elementor-size-sm\" href=\"https:\/\/chocard-aventure.ch\/rando-hiver-1\/\">\n\t\t\t\t\t\t<span class=\"elementor-button-content-wrapper\">\n\t\t\t\t\t\t\t\t\t<span class=\"elementor-button-text\">En savoir plus <\/span>\n\t\t\t\t\t<\/span>\n\t\t\t\t\t<\/a>\n\t\t\t\t\t\t\t\t<\/div>\n\t\t\t\t<\/div>\n\t\t<div class=\"elementor-element elementor-element-11f63ad e-con-full e-flex e-con e-child\" data-id=\"11f63ad\" data-element_type=\"container\" data-e-type=\"container\" data-settings=\"{&quot;background_background&quot;:&quot;slideshow&quot;,&quot;background_slideshow_gallery&quot;:[{&quot;id&quot;:4120,&quot;url&quot;:&quot;https:\\\/\\\/chocard-aventure.ch\\\/wp-content\\\/uploads\\\/2026\\\/02\\\/9_20251204_Raquettes_Paccots.jpg&quot;}],&quot;background_slideshow_loop&quot;:&quot;yes&quot;,&quot;background_slideshow_slide_duration&quot;:5000,&quot;background_slideshow_slide_transition&quot;:&quot;fade&quot;,&quot;background_slideshow_transition_duration&quot;:500}\">\n\t\t\t\t<\/div>\n\t\t\t\t\t<\/div>\n\t\t\t\t<\/div>\n\t\t<div class=\"elementor-element elementor-element-0e5c36c e-flex e-con-boxed e-con e-parent\" data-id=\"0e5c36c\" data-element_type=\"container\" data-e-type=\"container\" data-settings=\"{&quot;background_background&quot;:&quot;classic&quot;}\">\n\t\t\t\t\t<div class=\"e-con-inner\">\n\t\t<div class=\"elementor-element elementor-element-862a98b e-con-full e-flex e-con e-child\" data-id=\"862a98b\" data-element_type=\"container\" data-e-type=\"container\" data-settings=\"{&quot;background_background&quot;:&quot;slideshow&quot;,&quot;background_slideshow_gallery&quot;:[{&quot;id&quot;:4121,&quot;url&quot;:&quot;https:\\\/\\\/chocard-aventure.ch\\\/wp-content\\\/uploads\\\/2026\\\/02\\\/10_Mosses_Lioson.jpg&quot;}],&quot;background_slideshow_loop&quot;:&quot;yes&quot;,&quot;background_slideshow_slide_duration&quot;:5000,&quot;background_slideshow_slide_transition&quot;:&quot;fade&quot;,&quot;background_slideshow_transition_duration&quot;:500}\">\n\t\t\t\t<\/div>\n\t\t<div class=\"elementor-element elementor-element-dc6c3ca e-con-full e-flex e-con e-child\" data-id=\"dc6c3ca\" data-element_type=\"container\" data-e-type=\"container\">\n\t\t\t\t<div class=\"elementor-element elementor-element-8cf16da elementor-widget elementor-widget-hfe-infocard\" data-id=\"8cf16da\" data-element_type=\"widget\" data-e-type=\"widget\" data-widget_type=\"hfe-infocard.default\">\n\t\t\t\t<div class=\"elementor-widget-container\">\n\t\t\t\t\t\n\t\t<div class=\"hfe-infocard\">\n\t\t\t\t\t\t\t\t\t<div class=\"hfe-infocard-title-wrap\">\n\t\t\t\t<h2 class=\"hfe-infocard-title elementor-inline-editing\" data-elementor-setting-key=\"infocard_title\" data-elementor-inline-editing-toolbar=\"basic\" >2. Sortie en raquettes \u2013 R\u00e9gion col des Mosses<\/h2>\t\t\t<\/div>\n\t\t\t\t\t\t<div class=\"hfe-infocard-text-wrap\">\n\t\t\t\t<div class=\"hfe-infocard-text elementor-inline-editing\" data-elementor-setting-key=\"infocard_description\" data-elementor-inline-editing-toolbar=\"advanced\">\n\t\t\t\t\tUne \u00e9chapp\u00e9e hivernale lumineuse au c\u0153ur des Alpes vaudoises, l\u00e0 o\u00f9 la neige fra\u00eeche sublime les hauts p\u00e2turages.\nLa progression en raquettes se fait dans une ambiance pure et vivifiante, entre for\u00eats enneig\u00e9es et pentes immacul\u00e9es. Chaque pas laisse une trace l\u00e9g\u00e8re dans un d\u00e9cor encore intact, baign\u00e9 d\u2019une lumi\u00e8re \u00e9clatante.\nEn point d\u2019orgue, la mont\u00e9e vers le lac du Lioson fig\u00e9 par le gel offre un moment suspendu. Entour\u00e9 par la cha\u00eene du Pic Chaussy et les sommets voisins, le panorama r\u00e9v\u00e8le toute la beaut\u00e9 de l\u2019hiver alpin.\n\t\t\t\t<\/div>\n\t\t\t\t\t\t\t<\/div>\n\t\t<\/div>\n\n\t\t\t\t\t\t<\/div>\n\t\t\t\t<\/div>\n\t\t\t\t<div class=\"elementor-element elementor-element-14363c8 elementor-align-center elementor-widget elementor-widget-button\" data-id=\"14363c8\" data-element_type=\"widget\" data-e-type=\"widget\" data-widget_type=\"button.default\">\n\t\t\t\t\t\t\t\t\t\t<a class=\"elementor-button elementor-button-link elementor-size-sm\" href=\"https:\/\/chocard-aventure.ch\/rando-hiver-2\/\">\n\t\t\t\t\t\t<span class=\"elementor-button-content-wrapper\">\n\t\t\t\t\t\t\t\t\t<span class=\"elementor-button-text\">En savoir plus<\/span>\n\t\t\t\t\t<\/span>\n\t\t\t\t\t<\/a>\n\t\t\t\t\t\t\t\t<\/div>\n\t\t\t\t<\/div>\n\t\t\t\t\t<\/div>\n\t\t\t\t<\/div>\n\t\t<div class=\"elementor-element elementor-element-09ece70 e-flex e-con-boxed e-con e-parent\" data-id=\"09ece70\" data-element_type=\"container\" data-e-type=\"container\" data-settings=\"{&quot;background_background&quot;:&quot;classic&quot;}\">\n\t\t\t\t\t<div class=\"e-con-inner\">\n\t\t<div class=\"elementor-element elementor-element-a5e4eae e-con-full e-flex e-con e-child\" data-id=\"a5e4eae\" data-element_type=\"container\" data-e-type=\"container\">\n\t\t\t\t<div class=\"elementor-element elementor-element-9620407 elementor-widget elementor-widget-hfe-infocard\" data-id=\"9620407\" data-element_type=\"widget\" data-e-type=\"widget\" data-widget_type=\"hfe-infocard.default\">\n\t\t\t\t<div class=\"elementor-widget-container\">\n\t\t\t\t\t\n\t\t<div class=\"hfe-infocard\">\n\t\t\t\t\t\t\t\t\t<div class=\"hfe-infocard-title-wrap\">\n\t\t\t\t<h2 class=\"hfe-infocard-title elementor-inline-editing\" data-elementor-setting-key=\"infocard_title\" data-elementor-inline-editing-toolbar=\"basic\" >3. Sortie en raquettes \u2013 R\u00e9gion de la L\u00e9cherette <\/h2>\t\t\t<\/div>\n\t\t\t\t\t\t<div class=\"hfe-infocard-text-wrap\">\n\t\t\t\t<div class=\"hfe-infocard-text elementor-inline-editing\" data-elementor-setting-key=\"infocard_description\" data-elementor-inline-editing-toolbar=\"advanced\">\n\t\t\t\t\tUne v\u00e9ritable immersion dans l\u2019hiver alpin, lorsque la neige fra\u00eeche recouvre g\u00e9n\u00e9reusement les paysages.\nOn avance dans la poudreuse, port\u00e9 par l\u2019\u00e9nergie du groupe et le plaisir de tracer son chemin. L\u2019ambiance est authentique, sportive et joyeuse, au c\u0153ur d\u2019un d\u00e9cor pr\u00e9serv\u00e9.\nFace au Pic Chaussy et \u00e0 la Gummfluh, les reliefs enneig\u00e9s composent un panorama puissant. La sortie se conclut dans la convivialit\u00e9 \u00e0 la cabane des Monts Chevreuils, pour un moment chaleureux bien m\u00e9rit\u00e9.\n\t\t\t\t<\/div>\n\t\t\t\t\t\t\t<\/div>\n\t\t<\/div>\n\n\t\t\t\t\t\t<\/div>\n\t\t\t\t<\/div>\n\t\t\t\t<div class=\"elementor-element elementor-element-438dfce elementor-align-center elementor-widget elementor-widget-button\" data-id=\"438dfce\" data-element_type=\"widget\" data-e-type=\"widget\" data-widget_type=\"button.default\">\n\t\t\t\t\t\t\t\t\t\t<a class=\"elementor-button elementor-button-link elementor-size-sm\" href=\"https:\/\/chocard-aventure.ch\/rando-hiver-3\/\">\n\t\t\t\t\t\t<span class=\"elementor-button-content-wrapper\">\n\t\t\t\t\t\t\t\t\t<span class=\"elementor-button-text\">En savoir plus <\/span>\n\t\t\t\t\t<\/span>\n\t\t\t\t\t<\/a>\n\t\t\t\t\t\t\t\t<\/div>\n\t\t\t\t<\/div>\n\t\t<div class=\"elementor-element elementor-element-6efb697 e-con-full e-flex e-con e-child\" data-id=\"6efb697\" data-element_type=\"container\" data-e-type=\"container\" data-settings=\"{&quot;background_background&quot;:&quot;slideshow&quot;,&quot;background_slideshow_gallery&quot;:[{&quot;id&quot;:4125,&quot;url&quot;:&quot;https:\\\/\\\/chocard-aventure.ch\\\/wp-content\\\/uploads\\\/2026\\\/02\\\/11_20260111_MtChevreuil_raquettes.jpg&quot;}],&quot;background_slideshow_loop&quot;:&quot;yes&quot;,&quot;background_slideshow_slide_duration&quot;:5000,&quot;background_slideshow_slide_transition&quot;:&quot;fade&quot;,&quot;background_slideshow_transition_duration&quot;:500}\">\n\t\t\t\t<\/div>\n\t\t\t\t\t<\/div>\n\t\t\t\t<\/div>\n\t\t<div class=\"elementor-element elementor-element-ef50570 e-flex e-con-boxed e-con e-parent\" data-id=\"ef50570\" data-element_type=\"container\" data-e-type=\"container\" data-settings=\"{&quot;background_background&quot;:&quot;classic&quot;}\">\n\t\t\t\t\t<div class=\"e-con-inner\">\n\t\t<div class=\"elementor-element elementor-element-368cbbb e-con-full e-flex e-con e-child\" data-id=\"368cbbb\" data-element_type=\"container\" data-e-type=\"container\" data-settings=\"{&quot;background_background&quot;:&quot;slideshow&quot;,&quot;background_slideshow_gallery&quot;:[{&quot;id&quot;:4126,&quot;url&quot;:&quot;https:\\\/\\\/chocard-aventure.ch\\\/wp-content\\\/uploads\\\/2026\\\/02\\\/12_a_20260112_Pleiades_raquettes.jpg&quot;}],&quot;background_slideshow_loop&quot;:&quot;yes&quot;,&quot;background_slideshow_slide_duration&quot;:5000,&quot;background_slideshow_slide_transition&quot;:&quot;fade&quot;,&quot;background_slideshow_transition_duration&quot;:500}\">\n\t\t\t\t<\/div>\n\t\t<div class=\"elementor-element elementor-element-4e82d92 e-con-full e-flex e-con e-child\" data-id=\"4e82d92\" data-element_type=\"container\" data-e-type=\"container\">\n\t\t\t\t<div class=\"elementor-element elementor-element-388d088 elementor-widget elementor-widget-hfe-infocard\" data-id=\"388d088\" data-element_type=\"widget\" data-e-type=\"widget\" data-widget_type=\"hfe-infocard.default\">\n\t\t\t\t<div class=\"elementor-widget-container\">\n\t\t\t\t\t\n\t\t<div class=\"hfe-infocard\">\n\t\t\t\t\t\t\t\t\t<div class=\"hfe-infocard-title-wrap\">\n\t\t\t\t<h2 class=\"hfe-infocard-title elementor-inline-editing\" data-elementor-setting-key=\"infocard_title\" data-elementor-inline-editing-toolbar=\"basic\" >4.Sortie en raquette nocturne : \u00e9vasion apr\u00e8s le travail \u2013 R\u00e9gion des Pl\u00e9iades<\/h2>\t\t\t<\/div>\n\t\t\t\t\t\t<div class=\"hfe-infocard-text-wrap\">\n\t\t\t\t<div class=\"hfe-infocard-text elementor-inline-editing\" data-elementor-setting-key=\"infocard_description\" data-elementor-inline-editing-toolbar=\"advanced\">\n\t\t\t\t\tUne parenth\u00e8se hivernale apr\u00e8s la journ\u00e9e, lorsque la montagne retrouve son calme et que la lumi\u00e8re d\u00e9cline doucement.\nLa progression en raquettes se fait dans le silence d\u2019une station endormie. La neige crisse sous les pas, le ciel s\u2019embrase de teintes ros\u00e9es et les premi\u00e8res \u00e9toiles apparaissent, cr\u00e9ant une atmosph\u00e8re intime et apaisante.\nDepuis les hauteurs, la vue s\u2019\u00e9tend sur Ch\u00e2tel-Saint-Denis, l\u2019arc l\u00e9manique, Teysachaux et le Mol\u00e9son. Une pause gourmande vient parfaire cette \u00e9vasion avant le retour, l\u2019esprit l\u00e9ger.\n\t\t\t\t<\/div>\n\t\t\t\t\t\t\t<\/div>\n\t\t<\/div>\n\n\t\t\t\t\t\t<\/div>\n\t\t\t\t<\/div>\n\t\t\t\t<div class=\"elementor-element elementor-element-dfb82d5 elementor-align-center elementor-widget elementor-widget-button\" data-id=\"dfb82d5\" data-element_type=\"widget\" data-e-type=\"widget\" data-widget_type=\"button.default\">\n\t\t\t\t\t\t\t\t\t\t<a class=\"elementor-button elementor-button-link elementor-size-sm\" href=\"https:\/\/chocard-aventure.ch\/rando-hiver-4\/\">\n\t\t\t\t\t\t<span class=\"elementor-button-content-wrapper\">\n\t\t\t\t\t\t\t\t\t<span class=\"elementor-button-text\">En savoir plus<\/span>\n\t\t\t\t\t<\/span>\n\t\t\t\t\t<\/a>\n\t\t\t\t\t\t\t\t<\/div>\n\t\t\t\t<\/div>\n\t\t\t\t\t<\/div>\n\t\t\t\t<\/div>\n\t\t<div class=\"elementor-element elementor-element-e054b83 e-flex e-con-boxed e-con e-parent\" data-id=\"e054b83\" data-element_type=\"container\" data-e-type=\"container\" data-settings=\"{&quot;background_background&quot;:&quot;classic&quot;}\">\n\t\t\t\t\t<div class=\"e-con-inner\">\n\t\t<div class=\"elementor-element elementor-element-f616ef7 e-con-full e-flex e-con e-child\" data-id=\"f616ef7\" data-element_type=\"container\" data-e-type=\"container\">\n\t\t\t\t<div class=\"elementor-element elementor-element-16994a0 elementor-widget elementor-widget-hfe-infocard\" data-id=\"16994a0\" data-element_type=\"widget\" data-e-type=\"widget\" data-widget_type=\"hfe-infocard.default\">\n\t\t\t\t<div class=\"elementor-widget-container\">\n\t\t\t\t\t\n\t\t<div class=\"hfe-infocard\">\n\t\t\t\t\t\t\t\t\t<div class=\"hfe-infocard-title-wrap\">\n\t\t\t\t<h2 class=\"hfe-infocard-title elementor-inline-editing\" data-elementor-setting-key=\"infocard_title\" data-elementor-inline-editing-toolbar=\"basic\" >5. Sortie en raquettes nocturne Clair de lune \u2013 R\u00e9gion des Paccots<\/h2>\t\t\t<\/div>\n\t\t\t\t\t\t<div class=\"hfe-infocard-text-wrap\">\n\t\t\t\t<div class=\"hfe-infocard-text elementor-inline-editing\" data-elementor-setting-key=\"infocard_description\" data-elementor-inline-editing-toolbar=\"advanced\">\n\t\t\t\t\tUne aventure nocturne et sportive dans la magie d\u2019un paysage hivernal \u00e9clair\u00e9 par la lune.\nLa progression est soutenue, rythm\u00e9e et engag\u00e9e, dans le silence feutr\u00e9 de la montagne endormie. Sous la lumi\u00e8re argent\u00e9e, la neige fra\u00eeche scintille et chaque pas renforce la sensation d\u2019\u00e9voluer dans une atmosph\u00e8re presque irr\u00e9elle. L\u2019effort devient partie int\u00e9grante de l\u2019exp\u00e9rience, intensifiant les perceptions et la connexion au moment pr\u00e9sent.\nEn toile de fond se dessinent la face nord de la Dent de Lys et le Teysachaux, silhouettes puissantes sous le ciel nocturne. \u00c0 l\u2019arriv\u00e9e, la buvette des alpages du Vuipay offre une halte chaleureuse autour de sp\u00e9cialit\u00e9s du terroir \u2014 une r\u00e9compense conviviale qui sublime cette exp\u00e9rience sportive, sensorielle et gourmande.\n\t\t\t\t<\/div>\n\t\t\t\t\t\t\t<\/div>\n\t\t<\/div>\n\n\t\t\t\t\t\t<\/div>\n\t\t\t\t<\/div>\n\t\t\t\t<div class=\"elementor-element elementor-element-0452c7c elementor-align-center elementor-widget elementor-widget-button\" data-id=\"0452c7c\" data-element_type=\"widget\" data-e-type=\"widget\" data-widget_type=\"button.default\">\n\t\t\t\t\t\t\t\t\t\t<a class=\"elementor-button elementor-button-link elementor-size-sm\" href=\"https:\/\/chocard-aventure.ch\/rando-hiver-5\/\">\n\t\t\t\t\t\t<span class=\"elementor-button-content-wrapper\">\n\t\t\t\t\t\t\t\t\t<span class=\"elementor-button-text\">En savoir plus <\/span>\n\t\t\t\t\t<\/span>\n\t\t\t\t\t<\/a>\n\t\t\t\t\t\t\t\t<\/div>\n\t\t\t\t<\/div>\n\t\t<div class=\"elementor-element elementor-element-f5c0f3c e-con-full e-flex e-con e-child\" data-id=\"f5c0f3c\" data-element_type=\"container\" data-e-type=\"container\" data-settings=\"{&quot;background_background&quot;:&quot;slideshow&quot;,&quot;background_slideshow_gallery&quot;:[{&quot;id&quot;:4127,&quot;url&quot;:&quot;https:\\\/\\\/chocard-aventure.ch\\\/wp-content\\\/uploads\\\/2026\\\/02\\\/12_b_20260204_VuipayNocturne_Raquettes.jpg&quot;}],&quot;background_slideshow_loop&quot;:&quot;yes&quot;,&quot;background_slideshow_slide_duration&quot;:5000,&quot;background_slideshow_slide_transition&quot;:&quot;fade&quot;,&quot;background_slideshow_transition_duration&quot;:500}\">\n\t\t\t\t<\/div>\n\t\t\t\t\t<\/div>\n\t\t\t\t<\/div>\n\t\t<div class=\"elementor-element elementor-element-1d8ca4d e-flex e-con-boxed e-con e-parent\" data-id=\"1d8ca4d\" data-element_type=\"container\" data-e-type=\"container\" data-settings=\"{&quot;background_background&quot;:&quot;classic&quot;}\">\n\t\t\t\t\t<div class=\"e-con-inner\">\n\t\t<div class=\"elementor-element elementor-element-622665c e-con-full e-flex e-con e-child\" data-id=\"622665c\" data-element_type=\"container\" data-e-type=\"container\" data-settings=\"{&quot;background_background&quot;:&quot;slideshow&quot;,&quot;background_slideshow_gallery&quot;:[{&quot;id&quot;:4128,&quot;url&quot;:&quot;https:\\\/\\\/chocard-aventure.ch\\\/wp-content\\\/uploads\\\/2026\\\/02\\\/13_2026019_Folly_raquettes.png&quot;}],&quot;background_slideshow_loop&quot;:&quot;yes&quot;,&quot;background_slideshow_slide_duration&quot;:5000,&quot;background_slideshow_slide_transition&quot;:&quot;fade&quot;,&quot;background_slideshow_transition_duration&quot;:500}\">\n\t\t\t\t<\/div>\n\t\t<div class=\"elementor-element elementor-element-12c11cd e-con-full e-flex e-con e-child\" data-id=\"12c11cd\" data-element_type=\"container\" data-e-type=\"container\">\n\t\t\t\t<div class=\"elementor-element elementor-element-a5a7cda elementor-widget elementor-widget-hfe-infocard\" data-id=\"a5a7cda\" data-element_type=\"widget\" data-e-type=\"widget\" data-widget_type=\"hfe-infocard.default\">\n\t\t\t\t<div class=\"elementor-widget-container\">\n\t\t\t\t\t\n\t\t<div class=\"hfe-infocard\">\n\t\t\t\t\t\t\t\t\t<div class=\"hfe-infocard-title-wrap\">\n\t\t\t\t<h2 class=\"hfe-infocard-title elementor-inline-editing\" data-elementor-setting-key=\"infocard_title\" data-elementor-inline-editing-toolbar=\"basic\" >6. Sorties en raquettes \u2013 R\u00e9gion du Folly<\/h2>\t\t\t<\/div>\n\t\t\t\t\t\t<div class=\"hfe-infocard-text-wrap\">\n\t\t\t\t<div class=\"hfe-infocard-text elementor-inline-editing\" data-elementor-setting-key=\"infocard_description\" data-elementor-inline-editing-toolbar=\"advanced\">\n\t\t\t\t\tUne sortie dynamique en raquettes pour prendre de la hauteur et retrouver la lumi\u00e8re, au-dessus du brouillard en plein soleil.\nL\u2019itin\u00e9raire \u00e9volue dans un d\u00e9cor grandiose, entre neige \u00e9clatante et ciel limpide. L\u2019ambiance est \u00e9nergisante, port\u00e9e par le contraste entre la mer de brouillard en contrebas et le soleil g\u00e9n\u00e9reux en altitude.\nEn toile de fond, les Dents du Midi, les Pr\u00e9alpes fribourgeoises et l\u2019immensit\u00e9 du L\u00e9man composent un panorama spectaculaire. Une exp\u00e9rience active et lumineuse, enrichie par la d\u00e9couverte du milieu hivernal.\n\t\t\t\t<\/div>\n\t\t\t\t\t\t\t<\/div>\n\t\t<\/div>\n\n\t\t\t\t\t\t<\/div>\n\t\t\t\t<\/div>\n\t\t\t\t<div class=\"elementor-element elementor-element-307d270 elementor-align-center elementor-widget elementor-widget-button\" data-id=\"307d270\" data-element_type=\"widget\" data-e-type=\"widget\" data-widget_type=\"button.default\">\n\t\t\t\t\t\t\t\t\t\t<a class=\"elementor-button elementor-button-link elementor-size-sm\" href=\"https:\/\/chocard-aventure.ch\/rando-hiver-6\/\">\n\t\t\t\t\t\t<span class=\"elementor-button-content-wrapper\">\n\t\t\t\t\t\t\t\t\t<span class=\"elementor-button-text\">En savoir plus<\/span>\n\t\t\t\t\t<\/span>\n\t\t\t\t\t<\/a>\n\t\t\t\t\t\t\t\t<\/div>\n\t\t\t\t<\/div>\n\t\t\t\t\t<\/div>\n\t\t\t\t<\/div>\n\t\t<div class=\"elementor-element elementor-element-d33b008 e-flex e-con-boxed e-con e-parent\" data-id=\"d33b008\" data-element_type=\"container\" data-e-type=\"container\" data-settings=\"{&quot;background_background&quot;:&quot;classic&quot;}\">\n\t\t\t\t\t<div class=\"e-con-inner\">\n\t\t<div class=\"elementor-element elementor-element-7d64d25 e-con-full e-flex e-con e-child\" data-id=\"7d64d25\" data-element_type=\"container\" data-e-type=\"container\">\n\t\t\t\t<div class=\"elementor-element elementor-element-91c9467 elementor-widget elementor-widget-hfe-infocard\" data-id=\"91c9467\" data-element_type=\"widget\" data-e-type=\"widget\" data-widget_type=\"hfe-infocard.default\">\n\t\t\t\t<div class=\"elementor-widget-container\">\n\t\t\t\t\t\n\t\t<div class=\"hfe-infocard\">\n\t\t\t\t\t\t\t\t\t<div class=\"hfe-infocard-title-wrap\">\n\t\t\t\t<h2 class=\"hfe-infocard-title elementor-inline-editing\" data-elementor-setting-key=\"infocard_title\" data-elementor-inline-editing-toolbar=\"basic\" >7. Sortie en raquettes \u2013 R\u00e9gion des Diablerets<\/h2>\t\t\t<\/div>\n\t\t\t\t\t\t<div class=\"hfe-infocard-text-wrap\">\n\t\t\t\t<div class=\"hfe-infocard-text elementor-inline-editing\" data-elementor-setting-key=\"infocard_description\" data-elementor-inline-editing-toolbar=\"advanced\">\n\t\t\t\t\tUne aventure sportive au c\u0153ur d\u2019une montagne silencieuse et pr\u00e9serv\u00e9e.\nLa mont\u00e9e soutenue traverse un univers immacul\u00e9 o\u00f9 l\u2019effort s\u2019accorde \u00e0 la beaut\u00e9 des paysages. L\u2019atmosph\u00e8re est intense, vivifiante, avec cette sensation unique de progression dans un d\u00e9cor d\u2019altitude.\nAu sommet, la vue s\u2019ouvre \u00e0 360\u00b0 sur le massif des Diablerets, le lac d\u2019Arnon et les Alpes bernoises. Un panorama majestueux qui r\u00e9compense pleinement l\u2019engagement, avant un moment convivial bien m\u00e9rit\u00e9.\n\t\t\t\t<\/div>\n\t\t\t\t\t\t\t<\/div>\n\t\t<\/div>\n\n\t\t\t\t\t\t<\/div>\n\t\t\t\t<\/div>\n\t\t\t\t<div class=\"elementor-element elementor-element-a329089 elementor-align-center elementor-widget elementor-widget-button\" data-id=\"a329089\" data-element_type=\"widget\" data-e-type=\"widget\" data-widget_type=\"button.default\">\n\t\t\t\t\t\t\t\t\t\t<a class=\"elementor-button elementor-button-link elementor-size-sm\" href=\"https:\/\/chocard-aventure.ch\/rando-hiver-7\/\">\n\t\t\t\t\t\t<span class=\"elementor-button-content-wrapper\">\n\t\t\t\t\t\t\t\t\t<span class=\"elementor-button-text\">En savoir plus <\/span>\n\t\t\t\t\t<\/span>\n\t\t\t\t\t<\/a>\n\t\t\t\t\t\t\t\t<\/div>\n\t\t\t\t<\/div>\n\t\t<div class=\"elementor-element elementor-element-d068b1c e-con-full e-flex e-con e-child\" data-id=\"d068b1c\" data-element_type=\"container\" data-e-type=\"container\" data-settings=\"{&quot;background_background&quot;:&quot;slideshow&quot;,&quot;background_slideshow_gallery&quot;:[{&quot;id&quot;:4129,&quot;url&quot;:&quot;https:\\\/\\\/chocard-aventure.ch\\\/wp-content\\\/uploads\\\/2026\\\/02\\\/14_20260116_PaletteIsenau_raquettes.jpg&quot;}],&quot;background_slideshow_loop&quot;:&quot;yes&quot;,&quot;background_slideshow_slide_duration&quot;:5000,&quot;background_slideshow_slide_transition&quot;:&quot;fade&quot;,&quot;background_slideshow_transition_duration&quot;:500}\">\n\t\t\t\t<\/div>\n\t\t\t\t\t<\/div>\n\t\t\t\t<\/div>\n\t\t<div class=\"elementor-element elementor-element-1ecdb08 e-flex e-con-boxed e-con e-parent\" data-id=\"1ecdb08\" data-element_type=\"container\" data-e-type=\"container\" data-settings=\"{&quot;background_background&quot;:&quot;classic&quot;}\">\n\t\t\t\t\t<div class=\"e-con-inner\">\n\t\t<div class=\"elementor-element elementor-element-ff6359e e-con-full e-flex e-con e-child\" data-id=\"ff6359e\" data-element_type=\"container\" data-e-type=\"container\" data-settings=\"{&quot;background_background&quot;:&quot;slideshow&quot;,&quot;background_slideshow_gallery&quot;:[{&quot;id&quot;:4130,&quot;url&quot;:&quot;https:\\\/\\\/chocard-aventure.ch\\\/wp-content\\\/uploads\\\/2026\\\/02\\\/15_2026021_PraCornet_raquettes.jpg&quot;}],&quot;background_slideshow_loop&quot;:&quot;yes&quot;,&quot;background_slideshow_slide_duration&quot;:5000,&quot;background_slideshow_slide_transition&quot;:&quot;fade&quot;,&quot;background_slideshow_transition_duration&quot;:500}\">\n\t\t\t\t<\/div>\n\t\t<div class=\"elementor-element elementor-element-1703e1e e-con-full e-flex e-con e-child\" data-id=\"1703e1e\" data-element_type=\"container\" data-e-type=\"container\">\n\t\t\t\t<div class=\"elementor-element elementor-element-6ffc290 elementor-widget elementor-widget-hfe-infocard\" data-id=\"6ffc290\" data-element_type=\"widget\" data-e-type=\"widget\" data-widget_type=\"hfe-infocard.default\">\n\t\t\t\t<div class=\"elementor-widget-container\">\n\t\t\t\t\t\n\t\t<div class=\"hfe-infocard\">\n\t\t\t\t\t\t\t\t\t<div class=\"hfe-infocard-title-wrap\">\n\t\t\t\t<h2 class=\"hfe-infocard-title elementor-inline-editing\" data-elementor-setting-key=\"infocard_title\" data-elementor-inline-editing-toolbar=\"basic\" >8. Sortie en raquettes \u2013 R\u00e9gion des Mosses <\/h2>\t\t\t<\/div>\n\t\t\t\t\t\t<div class=\"hfe-infocard-text-wrap\">\n\t\t\t\t<div class=\"hfe-infocard-text elementor-inline-editing\" data-elementor-setting-key=\"infocard_description\" data-elementor-inline-editing-toolbar=\"advanced\">\n\t\t\t\t\tUne parenth\u00e8se de douceur au c\u0153ur de l\u2019hiver, loin de l\u2019agitation.\nLa progression se fait tranquillement dans une neige de qualit\u00e9, berc\u00e9e par le silence et la s\u00e9r\u00e9nit\u00e9 des paysages. L\u2019atmosph\u00e8re invite \u00e0 ralentir, respirer profond\u00e9ment et savourer chaque instant.\nFace au Ch\u00e2tillon, au Tarent et \u00e0 La Pare, les reliefs enneig\u00e9s offrent un cadre harmonieux et apaisant. Une sortie id\u00e9ale pour se ressourcer et renouer avec l\u2019essentiel.\n\t\t\t\t<\/div>\n\t\t\t\t\t\t\t<\/div>\n\t\t<\/div>\n\n\t\t\t\t\t\t<\/div>\n\t\t\t\t<\/div>\n\t\t\t\t<div class=\"elementor-element elementor-element-ccefcd6 elementor-align-center elementor-widget elementor-widget-button\" data-id=\"ccefcd6\" data-element_type=\"widget\" data-e-type=\"widget\" data-widget_type=\"button.default\">\n\t\t\t\t\t\t\t\t\t\t<a class=\"elementor-button elementor-button-link elementor-size-sm\" href=\"https:\/\/chocard-aventure.ch\/rando-hiver-8\/\">\n\t\t\t\t\t\t<span class=\"elementor-button-content-wrapper\">\n\t\t\t\t\t\t\t\t\t<span class=\"elementor-button-text\">En savoir plus<\/span>\n\t\t\t\t\t<\/span>\n\t\t\t\t\t<\/a>\n\t\t\t\t\t\t\t\t<\/div>\n\t\t\t\t<\/div>\n\t\t\t\t\t<\/div>\n\t\t\t\t<\/div>\n\t\t<div class=\"elementor-element elementor-element-c29993c e-flex e-con-boxed e-con e-parent\" data-id=\"c29993c\" data-element_type=\"container\" data-e-type=\"container\" data-settings=\"{&quot;background_background&quot;:&quot;classic&quot;}\">\n\t\t\t\t\t<div class=\"e-con-inner\">\n\t\t<div class=\"elementor-element elementor-element-a118ab0 e-con-full e-flex e-con e-child\" data-id=\"a118ab0\" data-element_type=\"container\" data-e-type=\"container\">\n\t\t\t\t<div class=\"elementor-element elementor-element-cdd2675 elementor-widget elementor-widget-hfe-infocard\" data-id=\"cdd2675\" data-element_type=\"widget\" data-e-type=\"widget\" data-widget_type=\"hfe-infocard.default\">\n\t\t\t\t<div class=\"elementor-widget-container\">\n\t\t\t\t\t\n\t\t<div class=\"hfe-infocard\">\n\t\t\t\t\t\t\t\t\t<div class=\"hfe-infocard-title-wrap\">\n\t\t\t\t<h2 class=\"hfe-infocard-title elementor-inline-editing\" data-elementor-setting-key=\"infocard_title\" data-elementor-inline-editing-toolbar=\"basic\" >9. Sorties en raquettes \u2013 R\u00e9gion du Jaun <\/h2>\t\t\t<\/div>\n\t\t\t\t\t\t<div class=\"hfe-infocard-text-wrap\">\n\t\t\t\t<div class=\"hfe-infocard-text elementor-inline-editing\" data-elementor-setting-key=\"infocard_description\" data-elementor-inline-editing-toolbar=\"advanced\">\n\t\t\t\t\tUne sortie engag\u00e9e dans un d\u00e9cor alpin spectaculaire, r\u00e9serv\u00e9e aux amateurs de d\u00e9fis hivernaux.\nLa progression est soutenue, l\u2019effort constant, dans une ambiance sauvage et pr\u00e9serv\u00e9e. La neige craque sous les pas tandis que les reliefs se dessinent avec caract\u00e8re.\nLes majestueuses Gastlosen dominent l\u2019horizon et offrent un panorama impressionnant. Une pause au chalet du Soldat vient ponctuer cette aventure exigeante, entre d\u00e9passement de soi et beaut\u00e9 brute.\n\t\t\t\t<\/div>\n\t\t\t\t\t\t\t<\/div>\n\t\t<\/div>\n\n\t\t\t\t\t\t<\/div>\n\t\t\t\t<\/div>\n\t\t\t\t<div class=\"elementor-element elementor-element-38476ca elementor-align-center elementor-widget elementor-widget-button\" data-id=\"38476ca\" data-element_type=\"widget\" data-e-type=\"widget\" data-widget_type=\"button.default\">\n\t\t\t\t\t\t\t\t\t\t<a class=\"elementor-button elementor-button-link elementor-size-sm\" href=\"https:\/\/chocard-aventure.ch\/rando-hiver-9\/\">\n\t\t\t\t\t\t<span class=\"elementor-button-content-wrapper\">\n\t\t\t\t\t\t\t\t\t<span class=\"elementor-button-text\">En savoir plus <\/span>\n\t\t\t\t\t<\/span>\n\t\t\t\t\t<\/a>\n\t\t\t\t\t\t\t\t<\/div>\n\t\t\t\t<\/div>\n\t\t<div class=\"elementor-element elementor-element-e8e9a83 e-con-full e-flex e-con e-child\" data-id=\"e8e9a83\" data-element_type=\"container\" data-e-type=\"container\" data-settings=\"{&quot;background_background&quot;:&quot;slideshow&quot;,&quot;background_slideshow_gallery&quot;:[{&quot;id&quot;:4131,&quot;url&quot;:&quot;https:\\\/\\\/chocard-aventure.ch\\\/wp-content\\\/uploads\\\/2026\\\/02\\\/16_2026023_ChaletDuSoldat_Raquettes.jpg&quot;}],&quot;background_slideshow_loop&quot;:&quot;yes&quot;,&quot;background_slideshow_slide_duration&quot;:5000,&quot;background_slideshow_slide_transition&quot;:&quot;fade&quot;,&quot;background_slideshow_transition_duration&quot;:500}\">\n\t\t\t\t<\/div>\n\t\t\t\t\t<\/div>\n\t\t\t\t<\/div>\n\t\t<div class=\"elementor-element elementor-element-864e082 e-flex e-con-boxed e-con e-parent\" data-id=\"864e082\" data-element_type=\"container\" data-e-type=\"container\" data-settings=\"{&quot;background_background&quot;:&quot;classic&quot;}\">\n\t\t\t\t\t<div class=\"e-con-inner\">\n\t\t<div class=\"elementor-element elementor-element-8329162 e-con-full e-flex e-con e-child\" data-id=\"8329162\" data-element_type=\"container\" data-e-type=\"container\" data-settings=\"{&quot;background_background&quot;:&quot;slideshow&quot;,&quot;background_slideshow_gallery&quot;:[{&quot;id&quot;:4132,&quot;url&quot;:&quot;https:\\\/\\\/chocard-aventure.ch\\\/wp-content\\\/uploads\\\/2026\\\/02\\\/17_2026028_LaBraye_Raquettes.png&quot;}],&quot;background_slideshow_loop&quot;:&quot;yes&quot;,&quot;background_slideshow_slide_duration&quot;:5000,&quot;background_slideshow_slide_transition&quot;:&quot;fade&quot;,&quot;background_slideshow_transition_duration&quot;:500}\">\n\t\t\t\t<\/div>\n\t\t<div class=\"elementor-element elementor-element-b48f896 e-con-full e-flex e-con e-child\" data-id=\"b48f896\" data-element_type=\"container\" data-e-type=\"container\">\n\t\t\t\t<div class=\"elementor-element elementor-element-c84911f elementor-widget elementor-widget-hfe-infocard\" data-id=\"c84911f\" data-element_type=\"widget\" data-e-type=\"widget\" data-widget_type=\"hfe-infocard.default\">\n\t\t\t\t<div class=\"elementor-widget-container\">\n\t\t\t\t\t\n\t\t<div class=\"hfe-infocard\">\n\t\t\t\t\t\t\t\t\t<div class=\"hfe-infocard-title-wrap\">\n\t\t\t\t<h2 class=\"hfe-infocard-title elementor-inline-editing\" data-elementor-setting-key=\"infocard_title\" data-elementor-inline-editing-toolbar=\"basic\" >10. Sortie en raquettes  \u2013 R\u00e9gion de Ch\u00e2teau-d\u2019Oex<\/h2>\t\t\t<\/div>\n\t\t\t\t\t\t<div class=\"hfe-infocard-text-wrap\">\n\t\t\t\t<div class=\"hfe-infocard-text elementor-inline-editing\" data-elementor-setting-key=\"infocard_description\" data-elementor-inline-editing-toolbar=\"advanced\">\n\t\t\t\t\tUne immersion intense dans l\u2019hiver sauvage, pour celles et ceux qui aiment les sorties engag\u00e9es.\nL\u2019itin\u00e9raire se d\u00e9roule dans une atmosph\u00e8re feutr\u00e9e, parfois envelopp\u00e9e de brume, o\u00f9 la neige abondante et le silence renforcent le sentiment d\u2019isolement. Ici, pas de foule : seulement la nature, brute et authentique.\n\u00c0 l\u2019arriv\u00e9e, la cabane de la Sarouche offre une halte chaleureuse, propice au partage et \u00e0 la convivialit\u00e9. Une aventure exigeante en petit groupe, o\u00f9 l\u2019effort laisse des souvenirs durables.\n\t\t\t\t<\/div>\n\t\t\t\t\t\t\t<\/div>\n\t\t<\/div>\n\n\t\t\t\t\t\t<\/div>\n\t\t\t\t<\/div>\n\t\t\t\t<div class=\"elementor-element elementor-element-f72ab71 elementor-align-center elementor-widget elementor-widget-button\" data-id=\"f72ab71\" data-element_type=\"widget\" data-e-type=\"widget\" data-widget_type=\"button.default\">\n\t\t\t\t\t\t\t\t\t\t<a class=\"elementor-button elementor-button-link elementor-size-sm\" href=\"https:\/\/chocard-aventure.ch\/rando-hiver-10\/\">\n\t\t\t\t\t\t<span class=\"elementor-button-content-wrapper\">\n\t\t\t\t\t\t\t\t\t<span class=\"elementor-button-text\">En savoir plus<\/span>\n\t\t\t\t\t<\/span>\n\t\t\t\t\t<\/a>\n\t\t\t\t\t\t\t\t<\/div>\n\t\t\t\t<\/div>\n\t\t\t\t\t<\/div>\n\t\t\t\t<\/div>\n\t\t<div class=\"elementor-element elementor-element-70b15b7 e-flex e-con-boxed e-con e-parent\" data-id=\"70b15b7\" data-element_type=\"container\" data-e-type=\"container\" data-settings=\"{&quot;background_background&quot;:&quot;classic&quot;}\">\n\t\t\t\t\t<div class=\"e-con-inner\">\n\t\t<div class=\"elementor-element elementor-element-a46e0b7 e-con-full e-flex e-con e-child\" data-id=\"a46e0b7\" data-element_type=\"container\" data-e-type=\"container\">\n\t\t\t\t<div class=\"elementor-element elementor-element-0883ffb elementor-widget elementor-widget-hfe-infocard\" data-id=\"0883ffb\" data-element_type=\"widget\" data-e-type=\"widget\" data-widget_type=\"hfe-infocard.default\">\n\t\t\t\t<div class=\"elementor-widget-container\">\n\t\t\t\t\t\n\t\t<div class=\"hfe-infocard\">\n\t\t\t\t\t\t\t\t\t<div class=\"hfe-infocard-title-wrap\">\n\t\t\t\t<h2 class=\"hfe-infocard-title elementor-inline-editing\" data-elementor-setting-key=\"infocard_title\" data-elementor-inline-editing-toolbar=\"basic\" >11. Sortie en raquettes \u00e0 St-Luc \u2013 Lac du To\u00fbno<\/h2>\t\t\t<\/div>\n\t\t\t\t\t\t<div class=\"hfe-infocard-text-wrap\">\n\t\t\t\t<div class=\"hfe-infocard-text elementor-inline-editing\" data-elementor-setting-key=\"infocard_description\" data-elementor-inline-editing-toolbar=\"advanced\">\n\t\t\t\t\tUne journ\u00e9e d\u2019exception dans un d\u00e9cor alpin grandiose.\nLa progression est r\u00e9solument sportive, port\u00e9e par la beaut\u00e9 des paysages et la puret\u00e9 de l\u2019air d\u2019altitude. Plus on s\u2019\u00e9l\u00e8ve, plus l\u2019horizon s\u2019\u00e9largit, r\u00e9v\u00e9lant sommets et ar\u00eates majestueuses.\nFace au Weisshorn, au Bishorn et aux sommets environnants, le panorama devient spectaculaire. L\u2019exp\u00e9rience se conclut autour d\u2019une d\u00e9gustation de sp\u00e9cialit\u00e9s du terroir, r\u00e9compense gourmande apr\u00e8s l\u2019effort.\n\t\t\t\t<\/div>\n\t\t\t\t\t\t\t<\/div>\n\t\t<\/div>\n\n\t\t\t\t\t\t<\/div>\n\t\t\t\t<\/div>\n\t\t\t\t<div class=\"elementor-element elementor-element-f26e80b elementor-align-center elementor-widget elementor-widget-button\" data-id=\"f26e80b\" data-element_type=\"widget\" data-e-type=\"widget\" data-widget_type=\"button.default\">\n\t\t\t\t\t\t\t\t\t\t<a class=\"elementor-button elementor-button-link elementor-size-sm\" href=\"https:\/\/chocard-aventure.ch\/rando-hiver-11\/\">\n\t\t\t\t\t\t<span class=\"elementor-button-content-wrapper\">\n\t\t\t\t\t\t\t\t\t<span class=\"elementor-button-text\">En savoir plus <\/span>\n\t\t\t\t\t<\/span>\n\t\t\t\t\t<\/a>\n\t\t\t\t\t\t\t\t<\/div>\n\t\t\t\t<\/div>\n\t\t<div class=\"elementor-element elementor-element-d8c4264 e-con-full e-flex e-con e-child\" data-id=\"d8c4264\" data-element_type=\"container\" data-e-type=\"container\" data-settings=\"{&quot;background_background&quot;:&quot;slideshow&quot;,&quot;background_slideshow_gallery&quot;:[{&quot;id&quot;:4133,&quot;url&quot;:&quot;https:\\\/\\\/chocard-aventure.ch\\\/wp-content\\\/uploads\\\/2026\\\/02\\\/18_20260205_Touno_Raquettes.png&quot;}],&quot;background_slideshow_loop&quot;:&quot;yes&quot;,&quot;background_slideshow_slide_duration&quot;:5000,&quot;background_slideshow_slide_transition&quot;:&quot;fade&quot;,&quot;background_slideshow_transition_duration&quot;:500}\">\n\t\t\t\t<\/div>\n\t\t\t\t\t<\/div>\n\t\t\t\t<\/div>\n\t\t<div class=\"elementor-element elementor-element-bf76f76 e-flex e-con-boxed e-con e-parent\" data-id=\"bf76f76\" data-element_type=\"container\" data-e-type=\"container\" data-settings=\"{&quot;background_background&quot;:&quot;classic&quot;}\">\n\t\t\t\t\t<div class=\"e-con-inner\">\n\t\t<div class=\"elementor-element elementor-element-039b7ab e-con-full e-flex e-con e-child\" data-id=\"039b7ab\" data-element_type=\"container\" data-e-type=\"container\" data-settings=\"{&quot;background_background&quot;:&quot;slideshow&quot;,&quot;background_slideshow_gallery&quot;:[{&quot;id&quot;:4134,&quot;url&quot;:&quot;https:\\\/\\\/chocard-aventure.ch\\\/wp-content\\\/uploads\\\/2026\\\/02\\\/19_20260209_Giferhuettli_Raquettes.png&quot;}],&quot;background_slideshow_loop&quot;:&quot;yes&quot;,&quot;background_slideshow_slide_duration&quot;:5000,&quot;background_slideshow_slide_transition&quot;:&quot;fade&quot;,&quot;background_slideshow_transition_duration&quot;:500}\">\n\t\t\t\t<\/div>\n\t\t<div class=\"elementor-element elementor-element-cc08e2e e-con-full e-flex e-con e-child\" data-id=\"cc08e2e\" data-element_type=\"container\" data-e-type=\"container\">\n\t\t\t\t<div class=\"elementor-element elementor-element-5b11252 elementor-widget elementor-widget-hfe-infocard\" data-id=\"5b11252\" data-element_type=\"widget\" data-e-type=\"widget\" data-widget_type=\"hfe-infocard.default\">\n\t\t\t\t<div class=\"elementor-widget-container\">\n\t\t\t\t\t\n\t\t<div class=\"hfe-infocard\">\n\t\t\t\t\t\t\t\t\t<div class=\"hfe-infocard-title-wrap\">\n\t\t\t\t<h2 class=\"hfe-infocard-title elementor-inline-editing\" data-elementor-setting-key=\"infocard_title\" data-elementor-inline-editing-toolbar=\"basic\" >12. Sortie en raquettes \u2013 R\u00e9gion de Gstaad<\/h2>\t\t\t<\/div>\n\t\t\t\t\t\t<div class=\"hfe-infocard-text-wrap\">\n\t\t\t\t<div class=\"hfe-infocard-text elementor-inline-editing\" data-elementor-setting-key=\"infocard_description\" data-elementor-inline-editing-toolbar=\"advanced\">\n\t\t\t\t\tUne sortie pour celles et ceux qui recherchent la beaut\u00e9 intacte des espaces sauvages.\nLa mont\u00e9e se fait dans un silence presque absolu, parfois accompagn\u00e9 des traces discr\u00e8tes de la faune dans la neige fra\u00eeche. L\u2019ambiance est profonde, apaisante, propice \u00e0 la contemplation.\nEn toile de fond se dessinent la Gummfluh, les Gastlosen, la Dent de Ruth et le Vanil Noir. \u00c0 l\u2019arriv\u00e9e, un moment de partage autour de sp\u00e9cialit\u00e9s du terroir vient c\u00e9l\u00e9brer l\u2019effort et la magie de l\u2019hiver.\n\t\t\t\t<\/div>\n\t\t\t\t\t\t\t<\/div>\n\t\t<\/div>\n\n\t\t\t\t\t\t<\/div>\n\t\t\t\t<\/div>\n\t\t\t\t<div class=\"elementor-element elementor-element-5459178 elementor-align-center elementor-widget elementor-widget-button\" data-id=\"5459178\" data-element_type=\"widget\" data-e-type=\"widget\" data-widget_type=\"button.default\">\n\t\t\t\t\t\t\t\t\t\t<a class=\"elementor-button elementor-button-link elementor-size-sm\" href=\"https:\/\/chocard-aventure.ch\/rando-hiver-12\/\">\n\t\t\t\t\t\t<span class=\"elementor-button-content-wrapper\">\n\t\t\t\t\t\t\t\t\t<span class=\"elementor-button-text\">En savoir plus<\/span>\n\t\t\t\t\t<\/span>\n\t\t\t\t\t<\/a>\n\t\t\t\t\t\t\t\t<\/div>\n\t\t\t\t<\/div>\n\t\t\t\t\t<\/div>\n\t\t\t\t<\/div>\n\t\t<div class=\"elementor-element elementor-element-8a41235 e-flex e-con-boxed e-con e-parent\" data-id=\"8a41235\" data-element_type=\"container\" data-e-type=\"container\">\n\t\t\t\t\t<div class=\"e-con-inner\">\n\t\t<div class=\"elementor-element elementor-element-b83b595 e-con-full e-flex e-con e-child\" data-id=\"b83b595\" data-element_type=\"container\" data-e-type=\"container\">\n\t\t\t\t<div class=\"elementor-element elementor-element-bbfa253 elementor-widget-divider--view-line_icon elementor-view-default elementor-widget-divider--element-align-center elementor-widget elementor-widget-divider\" data-id=\"bbfa253\" data-element_type=\"widget\" data-e-type=\"widget\" data-widget_type=\"divider.default\">\n\t\t\t\t\t\t\t<div class=\"elementor-divider\">\n\t\t\t<span class=\"elementor-divider-separator\">\n\t\t\t\t\t\t\t<div class=\"elementor-icon elementor-divider__element\">\n\t\t\t\t\t<svg aria-hidden=\"true\" class=\"e-font-icon-svg e-fas-snowman\" viewBox=\"0 0 512 512\" xmlns=\"http:\/\/www.w3.org\/2000\/svg\"><path d=\"M510.9 152.3l-5.9-14.5c-3.3-8-12.6-11.9-20.8-8.7L456 140.6v-29c0-8.6-7.2-15.6-16-15.6h-16c-8.8 0-16 7-16 15.6v46.9c0 .5.3 1 .3 1.5l-56.4 23c-5.9-10-13.3-18.9-22-26.6 13.6-16.6 22-37.4 22-60.5 0-53-43-96-96-96s-96 43-96 96c0 23.1 8.5 43.9 22 60.5-8.7 7.7-16 16.6-22 26.6l-56.4-23c.1-.5.3-1 .3-1.5v-46.9C104 103 96.8 96 88 96H72c-8.8 0-16 7-16 15.6v29l-28.1-11.5c-8.2-3.2-17.5.7-20.8 8.7l-5.9 14.5c-3.3 8 .7 17.1 8.9 20.3l135.2 55.2c-.4 4-1.2 8-1.2 12.2 0 10.1 1.7 19.6 4.2 28.9C120.9 296.4 104 334.2 104 376c0 54 28.4 100.9 70.8 127.8 9.3 5.9 20.3 8.2 31.3 8.2h99.2c13.3 0 26.3-4.1 37.2-11.7 46.5-32.3 74.4-89.4 62.9-152.6-5.5-30.2-20.5-57.6-41.6-79 2.5-9.2 4.2-18.7 4.2-28.7 0-4.2-.8-8.1-1.2-12.2L502 172.6c8.1-3.1 12.1-12.2 8.9-20.3zM224 96c-8.8 0-16-7.2-16-16s7.2-16 16-16 16 7.2 16 16-7.2 16-16 16zm32 272c-8.8 0-16-7.2-16-16s7.2-16 16-16 16 7.2 16 16-7.2 16-16 16zm0-64c-8.8 0-16-7.2-16-16s7.2-16 16-16 16 7.2 16 16-7.2 16-16 16zm0-64c-8.8 0-16-7.2-16-16s7.2-16 16-16 16 7.2 16 16-7.2 16-16 16zm0-88s-16-23.2-16-32 7.2-16 16-16 16 7.2 16 16-16 32-16 32zm32-56c-8.8 0-16-7.2-16-16s7.2-16 16-16 16 7.2 16 16-7.2 16-16 16z\"><\/path><\/svg><\/div>\n\t\t\t\t\t\t<\/span>\n\t\t<\/div>\n\t\t\t\t\t\t<\/div>\n\t\t\t\t<\/div>\n\t\t\t\t\t<\/div>\n\t\t\t\t<\/div>\n\t\t\t\t<\/div>\n\t\t","protected":false},"excerpt":{"rendered":"<p>Randonn\u00e9es hiver 1. Sortie en raquettes \u2013 R\u00e9gion des Paccots Une escapade tonique au c\u0153ur des Pr\u00e9alpes fribourgeoises, lorsque les premiers manteaux neigeux transforment les paysages en d\u00e9cors cristallins. La progression est dynamique, rythm\u00e9e par l\u2019\u00e9nergie du groupe et la fra\u00eecheur de l\u2019air hivernal. Entre for\u00eats silencieuses et combes immacul\u00e9es, la lumi\u00e8re joue avec la [&hellip;]<\/p>\n","protected":false},"author":1,"featured_media":0,"parent":0,"menu_order":0,"comment_status":"closed","ping_status":"closed","template":"","meta":{"_uag_custom_page_level_css":"","site-sidebar-layout":"no-sidebar","site-content-layout":"page-builder","ast-site-content-layout":"full-width-container","site-content-style":"default","site-sidebar-style":"default","ast-global-header-display":"","ast-banner-title-visibility":"","ast-main-header-display":"","ast-hfb-above-header-display":"","ast-hfb-below-header-display":"","ast-hfb-mobile-header-display":"","site-post-title":"disabled","ast-breadcrumbs-content":"","ast-featured-img":"disabled","footer-sml-layout":"","ast-disable-related-posts":"","theme-transparent-header-meta":"","adv-header-id-meta":"","stick-header-meta":"","header-above-stick-meta":"","header-main-stick-meta":"","header-below-stick-meta":"","astra-migrate-meta-layouts":"set","ast-page-background-enabled":"default","ast-page-background-meta":{"desktop":{"background-color":"var(--ast-global-color-4)","background-image":"","background-repeat":"repeat","background-position":"center center","background-size":"auto","background-attachment":"scroll","background-type":"","background-media":"","overlay-type":"","overlay-color":"","overlay-opacity":"","overlay-gradient":""},"tablet":{"background-color":"","background-image":"","background-repeat":"repeat","background-position":"center center","background-size":"auto","background-attachment":"scroll","background-type":"","background-media":"","overlay-type":"","overlay-color":"","overlay-opacity":"","overlay-gradient":""},"mobile":{"background-color":"","background-image":"","background-repeat":"repeat","background-position":"center center","background-size":"auto","background-attachment":"scroll","background-type":"","background-media":"","overlay-type":"","overlay-color":"","overlay-opacity":"","overlay-gradient":""}},"ast-content-background-meta":{"desktop":{"background-color":"var(--ast-global-color-5)","background-image":"","background-repeat":"repeat","background-position":"center center","background-size":"auto","background-attachment":"scroll","background-type":"","background-media":"","overlay-type":"","overlay-color":"","overlay-opacity":"","overlay-gradient":""},"tablet":{"background-color":"var(--ast-global-color-5)","background-image":"","background-repeat":"repeat","background-position":"center center","background-size":"auto","background-attachment":"scroll","background-type":"","background-media":"","overlay-type":"","overlay-color":"","overlay-opacity":"","overlay-gradient":""},"mobile":{"background-color":"var(--ast-global-color-5)","background-image":"","background-repeat":"repeat","background-position":"center center","background-size":"auto","background-attachment":"scroll","background-type":"","background-media":"","overlay-type":"","overlay-color":"","overlay-opacity":"","overlay-gradient":""}},"footnotes":""},"class_list":["post-3523","page","type-page","status-publish","hentry"],"aioseo_notices":[],"uagb_featured_image_src":{"full":false,"thumbnail":false,"medium":false,"medium_large":false,"large":false,"1536x1536":false,"2048x2048":false,"trp-custom-language-flag":false,"woocommerce_thumbnail":false,"woocommerce_single":false,"woocommerce_gallery_thumbnail":false},"uagb_author_info":{"display_name":"chocard.aventure@hotmail.com","author_link":"https:\/\/chocard-aventure.ch\/fr\/author\/chopard-aventurehotmail-com\/"},"uagb_comment_info":0,"uagb_excerpt":"Randonn\u00e9es hiver 1. Sortie en raquettes \u2013 R\u00e9gion des Paccots Une escapade tonique au c\u0153ur des Pr\u00e9alpes fribourgeoises, lorsque les premiers manteaux neigeux transforment les paysages en d\u00e9cors cristallins. La progression est dynamique, rythm\u00e9e par l\u2019\u00e9nergie du groupe et la fra\u00eecheur de l\u2019air hivernal. Entre for\u00eats silencieuses et combes immacul\u00e9es, la lumi\u00e8re joue avec la\u2026","_links":{"self":[{"href":"https:\/\/chocard-aventure.ch\/fr\/wp-json\/wp\/v2\/pages\/3523","targetHints":{"allow":["GET"]}}],"collection":[{"href":"https:\/\/chocard-aventure.ch\/fr\/wp-json\/wp\/v2\/pages"}],"about":[{"href":"https:\/\/chocard-aventure.ch\/fr\/wp-json\/wp\/v2\/types\/page"}],"author":[{"embeddable":true,"href":"https:\/\/chocard-aventure.ch\/fr\/wp-json\/wp\/v2\/users\/1"}],"replies":[{"embeddable":true,"href":"https:\/\/chocard-aventure.ch\/fr\/wp-json\/wp\/v2\/comments?post=3523"}],"version-history":[{"count":32,"href":"https:\/\/chocard-aventure.ch\/fr\/wp-json\/wp\/v2\/pages\/3523\/revisions"}],"predecessor-version":[{"id":4978,"href":"https:\/\/chocard-aventure.ch\/fr\/wp-json\/wp\/v2\/pages\/3523\/revisions\/4978"}],"wp:attachment":[{"href":"https:\/\/chocard-aventure.ch\/fr\/wp-json\/wp\/v2\/media?parent=3523"}],"curies":[{"name":"wp","href":"https:\/\/api.w.org\/{rel}","templated":true}]}}